{"id":2642,"date":"2024-06-11T14:03:19","date_gmt":"2024-06-11T12:03:19","guid":{"rendered":"https:\/\/cafetoycamellia.es\/?post_type=product&#038;p=2642"},"modified":"2025-11-30T20:41:13","modified_gmt":"2025-11-30T19:41:13","slug":"te-negro-ceylan-desteinado","status":"publish","type":"product","link":"https:\/\/cafetoycamellia.es\/en\/product\/te-negro-ceylan-desteinado\/","title":{"rendered":"T\u00e9 Negro Ceylan Desteinado"},"content":{"rendered":"<p data-start=\"1039\" data-end=\"1112\"><strong data-start=\"1039\" data-end=\"1112\">T\u00e9 Negro Ceylan Desteinado \u2013 Disfruta del sabor aut\u00e9ntico sin cafe\u00edna<\/strong><\/p>\n<p data-start=\"1114\" data-end=\"1234\"><strong data-start=\"1114\" data-end=\"1141\">Beneficios principales:<\/strong> sin cafe\u00edna \u00b7 antioxidante natural \u00b7 suave y digestivo \u00b7 perfecto para tomar fr\u00edo o caliente<\/p>\n<p data-start=\"1236\" data-end=\"1689\">El T\u00e9 Negro Ceylan Desteinado de Cafeto &amp; Camellia es una opci\u00f3n perfecta para quienes aman el sabor del t\u00e9 negro tradicional pero desean evitar la cafe\u00edna. Esta variedad procede de las plantaciones de Sri Lanka, una de las regiones m\u00e1s reconocidas mundialmente por la calidad de sus t\u00e9s. Mediante un proceso delicado, se elimina la cafe\u00edna conservando intacto su sabor caracter\u00edstico, su cuerpo medio y ese sutil matiz c\u00edtrico que lo hace tan especial.<\/p>\n<p data-start=\"1691\" data-end=\"2099\">Este t\u00e9 es ideal para cualquier momento del d\u00eda, incluso por la tarde o noche, gracias a su bajo contenido estimulante. Su perfil de sabor equilibrado lo convierte en una excelente elecci\u00f3n tanto para quienes est\u00e1n empezando en el mundo del t\u00e9 como para los m\u00e1s expertos. Puede disfrutarse en infusi\u00f3n caliente durante los meses fr\u00edos o prepararse como t\u00e9 fr\u00edo en verano, conservando siempre sus propiedades.<\/p>\n<hr data-start=\"2101\" data-end=\"2104\" \/>\n<h3 data-start=\"2106\" data-end=\"2147\"><strong data-start=\"2110\" data-end=\"2147\">\u00bfPor qu\u00e9 elegir un t\u00e9 desteinado?<\/strong><\/h3>\n<p data-start=\"2149\" data-end=\"2454\">Optar por un t\u00e9 negro desteinado no solo es beneficioso para quienes quieren reducir la cafe\u00edna, sino que tambi\u00e9n permite seguir disfrutando de todos los <strong data-start=\"2303\" data-end=\"2320\">antioxidantes<\/strong> naturales del t\u00e9. Estos antioxidantes ayudan a combatir el estr\u00e9s oxidativo, protegen las c\u00e9lulas y contribuyen al bienestar general.<\/p>\n<p data-start=\"2456\" data-end=\"2622\">Adem\u00e1s, esta infusi\u00f3n tiene un efecto <strong data-start=\"2494\" data-end=\"2507\">digestivo<\/strong> suave, ideal para despu\u00e9s de las comidas, y puede proporcionar un peque\u00f1o impulso de energ\u00eda sin alterar el sue\u00f1o.<\/p>\n<hr data-start=\"2624\" data-end=\"2627\" \/>\n<h3 data-start=\"2629\" data-end=\"2669\"><strong data-start=\"2633\" data-end=\"2669\">Modo de preparaci\u00f3n recomendado:<\/strong><\/h3>\n<ul data-start=\"2671\" data-end=\"2794\">\n<li data-start=\"2671\" data-end=\"2706\">\n<p data-start=\"2673\" data-end=\"2706\"><strong data-start=\"2673\" data-end=\"2698\">Temperatura del agua:<\/strong> 95\u202f\u00b0C<\/p>\n<\/li>\n<li data-start=\"2707\" data-end=\"2744\">\n<p data-start=\"2709\" data-end=\"2744\"><strong data-start=\"2709\" data-end=\"2732\">Tiempo de infusi\u00f3n:<\/strong> 4 minutos<\/p>\n<\/li>\n<li data-start=\"2745\" data-end=\"2794\">\n<p data-start=\"2747\" data-end=\"2794\"><strong data-start=\"2747\" data-end=\"2769\">Cantidad por taza:<\/strong> 2 gramos (1 cucharadita)<\/p>\n<\/li>\n<\/ul>\n<p data-start=\"2796\" data-end=\"3027\">Puedes infusionarlo una segunda vez para una versi\u00f3n m\u00e1s suave. Tambi\u00e9n es excelente para preparar en fr\u00edo: d\u00e9jalo reposar en agua fr\u00eda durante 6\u20138 horas en la nevera para obtener una bebida ligera, natural y sin az\u00facares a\u00f1adidos.<\/p>\n<hr data-start=\"3029\" data-end=\"3032\" \/>\n<h3 data-start=\"3034\" data-end=\"3056\"><strong data-start=\"3038\" data-end=\"3056\">Ficha t\u00e9cnica:<\/strong><\/h3>\n<ul data-start=\"3058\" data-end=\"3285\">\n<li data-start=\"3058\" data-end=\"3089\">\n<p data-start=\"3060\" data-end=\"3089\"><strong data-start=\"3060\" data-end=\"3069\">Tipo:<\/strong> T\u00e9 negro desteinado<\/p>\n<\/li>\n<li data-start=\"3090\" data-end=\"3113\">\n<p data-start=\"3092\" data-end=\"3113\"><strong data-start=\"3092\" data-end=\"3103\">Origen:<\/strong> Sri Lanka<\/p>\n<\/li>\n<li data-start=\"3114\" data-end=\"3159\">\n<p data-start=\"3116\" data-end=\"3159\"><strong data-start=\"3116\" data-end=\"3128\">Formato:<\/strong> 50\u202fg\/ 100\u202fg\/\u00a0 250\u202fg a granel<\/p>\n<\/li>\n<li data-start=\"3160\" data-end=\"3207\">\n<p data-start=\"3162\" data-end=\"3207\"><strong data-start=\"3162\" data-end=\"3179\">Ingredientes:<\/strong> T\u00e9 negro Ceyl\u00e1n sin cafe\u00edna<\/p>\n<\/li>\n<li data-start=\"3208\" data-end=\"3285\">\n<p data-start=\"3210\" data-end=\"3285\"><strong data-start=\"3210\" data-end=\"3225\">Ideal para:<\/strong> tardes, noches, hosteler\u00eda, personas sensibles a la cafe\u00edna<\/p>\n<\/li>\n<\/ul>\n<p>&nbsp;<\/p>\n<p data-start=\"487\" data-end=\"533\"><strong data-start=\"487\" data-end=\"533\">Beneficios del T\u00e9 Negro Ceyl\u00e1n Desteinado:<\/strong><\/p>\n<ol data-start=\"535\" data-end=\"1038\">\n<li data-start=\"535\" data-end=\"620\">\n<p data-start=\"538\" data-end=\"620\"><strong data-start=\"538\" data-end=\"553\">Sin cafe\u00edna<\/strong>: perfecto para consumir por la tarde o noche sin alterar el sue\u00f1o.<\/p>\n<\/li>\n<li data-start=\"621\" data-end=\"721\">\n<p data-start=\"624\" data-end=\"721\"><strong data-start=\"624\" data-end=\"649\">Rico en antioxidantes<\/strong>: ayuda a combatir los radicales libres y a mantener una piel saludable.<\/p>\n<\/li>\n<li data-start=\"722\" data-end=\"822\">\n<p data-start=\"725\" data-end=\"822\"><strong data-start=\"725\" data-end=\"747\">Apoya la digesti\u00f3n<\/strong>: ideal despu\u00e9s de las comidas gracias a sus propiedades digestivas suaves.<\/p>\n<\/li>\n<li data-start=\"823\" data-end=\"938\">\n<p data-start=\"826\" data-end=\"938\"><strong data-start=\"826\" data-end=\"857\">Perfil de sabor equilibrado<\/strong>: sabor suave con notas c\u00edtricas que lo hacen agradable para todos los paladares.<\/p>\n<\/li>\n<li data-start=\"939\" data-end=\"1038\">\n<p data-start=\"942\" data-end=\"1038\"><strong data-start=\"942\" data-end=\"954\">Vers\u00e1til<\/strong>: se puede tomar tanto en caliente como en fr\u00edo, adapt\u00e1ndose a todas las estaciones.<\/p>\n<\/li>\n<\/ol>\n<hr data-start=\"3287\" data-end=\"3290\" \/>\n<h3 data-start=\"3292\" data-end=\"3345\"><strong data-start=\"3296\" data-end=\"3345\">Compra online con env\u00edo r\u00e1pido desde Valencia<\/strong><\/h3>\n<p data-start=\"3347\" data-end=\"3630\">En Cafeto &amp; Camellia seleccionamos t\u00e9s \u00fanicos, saludables y equilibrados. El T\u00e9 Negro Ceylan Desteinado es perfecto para quienes buscan cuidarse sin renunciar al sabor cl\u00e1sico del t\u00e9 negro. Puedes comprarlo directamente desde nuestra web con entrega r\u00e1pida y atenci\u00f3n personalizada.<\/p>\n<p data-start=\"3632\" data-end=\"3769\">\ud83d\udc49 <a class=\"cursor-pointer\" href=\"https:\/\/cafetoycamellia.es\/en\/te-desteinado\/\" target=\"_new\" rel=\"noopener\" data-start=\"3635\" data-end=\"3732\">Consulta todos nuestros t\u00e9s desteinados<\/a> y descubre otras variedades premium.<\/p>\n<p data-start=\"3771\" data-end=\"3916\">\ud83d\udcf2 S\u00edguenos en <a href=\"https:\/\/www.instagram.com\/cafetoycamellia\/\" target=\"_blank\" rel=\"noopener\">Instagram @cafetoycamellia<\/a> y acomp\u00e1\u00f1anos en nuestro d\u00eda a d\u00eda. Compartimos recetas, novedades y consejos para amantes del buen t\u00e9.<\/p>\n<p data-start=\"3918\" data-end=\"4054\">Una opci\u00f3n saludable y deliciosa para cualquier momento del d\u00eda. Prueba este t\u00e9 y disfruta de una experiencia reconfortante sin cafe\u00edna.<\/p>\n<p data-start=\"3918\" data-end=\"4054\"><strong data-start=\"1839\" data-end=\"1881\">Consejos adicionales para disfrutarlo:<\/strong><br \/>\nPuedes a\u00f1adirle una rodaja de lim\u00f3n, un toque de miel o incluso una ramita de canela para potenciar su sabor. Tambi\u00e9n es excelente para preparar \u00abcold brew\u00bb: d\u00e9jalo reposar en fr\u00edo durante 6\u20138 horas para obtener una bebida ligera, refrescante y sin cafe\u00edna.<\/p>\n<p data-start=\"3918\" data-end=\"4054\">En Cafeto &amp; Camellia, nuestra tienda de t\u00e9s en Valencia, apostamos por infusiones naturales y cuidadosamente seleccionadas para ofrecerte una experiencia aut\u00e9ntica y reconfortante. Si est\u00e1s en Valencia o alrededores, te invitamos a visitarnos y descubrir nuestra cuidada selecci\u00f3n de t\u00e9s a granel, como este T\u00e9 Negro Ceyl\u00e1n desteinado. Nuestro equipo te asesorar\u00e1 personalmente para que encuentres el t\u00e9 perfecto seg\u00fan tus gustos y necesidades. Tambi\u00e9n puedes hacer tu pedido online y recibirlo c\u00f3modamente en casa, con env\u00edos r\u00e1pidos y atenci\u00f3n personalizada. \u00a1Haz de cada taza un momento especial!<\/p>","protected":false},"excerpt":{"rendered":"<h2 data-start=\"1039\" data-end=\"1112\"><strong data-start=\"1039\" data-end=\"1112\">T\u00e9 Negro Ceylan Desteinado <\/strong><\/h2>\n<h4 data-start=\"1039\" data-end=\"1112\"><strong data-start=\"1039\" data-end=\"1112\">Disfruta del sabor aut\u00e9ntico sin cafe\u00edna<\/strong><\/h4>\n<p><strong data-start=\"932\" data-end=\"949\">Ingredientes:<\/strong> T\u00e9 negro Ceyl\u00e1n desteinado<\/p>\n<p><strong data-start=\"836\" data-end=\"851\">Beneficios:<\/strong><\/p>\n<ul>\n<li>sin cafe\u00edna<\/li>\n<li>antioxidante<\/li>\n<li>sabor suave y c\u00edtrico<\/li>\n<li>ideal para tarde o noche<\/li>\n<\/ul>\n<p>&nbsp;<\/p>","protected":false},"featured_media":6866,"template":"","meta":{"site-sidebar-layout":"default","site-content-layout":"","ast-site-content-layout":"default","site-content-style":"default","site-sidebar-style":"default","ast-global-header-display":"","ast-banner-title-visibility":"","ast-main-header-display":"","ast-hfb-above-header-display":"","ast-hfb-below-header-display":"","ast-hfb-mobile-header-display":"","site-post-title":"","ast-breadcrumbs-content":"","ast-featured-img":"","footer-sml-layout":"","ast-disable-related-posts":"","theme-transparent-header-meta":"default","adv-header-id-meta":"","stick-header-meta":"","header-above-stick-meta":"","header-main-stick-meta":"","header-below-stick-meta":"","astra-migrate-meta-layouts":"set","ast-page-background-enabled":"default","ast-page-background-meta":{"desktop":{"background-color":"var(--ast-global-color-4)","background-image":"","background-repeat":"repeat","background-position":"center center","background-size":"auto","background-attachment":"scroll","background-type":"","background-media":"","overlay-type":"","overlay-color":"","overlay-opacity":"","overlay-gradient":""},"tablet":{"background-color":"","background-image":"","background-repeat":"repeat","background-position":"center center","background-size":"auto","background-attachment":"scroll","background-type":"","background-media":"","overlay-type":"","overlay-color":"","overlay-opacity":"","overlay-gradient":""},"mobile":{"background-color":"","background-image":"","background-repeat":"repeat","background-position":"center center","background-size":"auto","background-attachment":"scroll","background-type":"","background-media":"","overlay-type":"","overlay-color":"","overlay-opacity":"","overlay-gradient":""}},"ast-content-background-meta":{"desktop":{"background-color":"var(--ast-global-color-5)","background-image":"","background-repeat":"repeat","background-position":"center center","background-size":"auto","background-attachment":"scroll","background-type":"","background-media":"","overlay-type":"","overlay-color":"","overlay-opacity":"","overlay-gradient":""},"tablet":{"background-color":"var(--ast-global-color-5)","background-image":"","background-repeat":"repeat","background-position":"center center","background-size":"auto","background-attachment":"scroll","background-type":"","background-media":"","overlay-type":"","overlay-color":"","overlay-opacity":"","overlay-gradient":""},"mobile":{"background-color":"var(--ast-global-color-5)","background-image":"","background-repeat":"repeat","background-position":"center center","background-size":"auto","background-attachment":"scroll","background-type":"","background-media":"","overlay-type":"","overlay-color":"","overlay-opacity":"","overlay-gradient":""}}},"product_brand":[],"product_cat":[179,131,129],"product_tag":[],"class_list":{"0":"post-2642","1":"product","2":"type-product","3":"status-publish","4":"has-post-thumbnail","6":"product_cat-desteinado","7":"product_cat-negro-te","8":"product_cat-tes","9":"desktop-align-center","10":"tablet-align-left","11":"mobile-align-left","13":"first","14":"instock","15":"shipping-taxable","16":"purchasable","17":"product-type-variable"},"_links":{"self":[{"href":"https:\/\/cafetoycamellia.es\/en\/wp-json\/wp\/v2\/product\/2642","targetHints":{"allow":["GET"]}}],"collection":[{"href":"https:\/\/cafetoycamellia.es\/en\/wp-json\/wp\/v2\/product"}],"about":[{"href":"https:\/\/cafetoycamellia.es\/en\/wp-json\/wp\/v2\/types\/product"}],"version-history":[{"count":4,"href":"https:\/\/cafetoycamellia.es\/en\/wp-json\/wp\/v2\/product\/2642\/revisions"}],"predecessor-version":[{"id":6000,"href":"https:\/\/cafetoycamellia.es\/en\/wp-json\/wp\/v2\/product\/2642\/revisions\/6000"}],"wp:featuredmedia":[{"embeddable":true,"href":"https:\/\/cafetoycamellia.es\/en\/wp-json\/wp\/v2\/media\/6866"}],"wp:attachment":[{"href":"https:\/\/cafetoycamellia.es\/en\/wp-json\/wp\/v2\/media?parent=2642"}],"wp:term":[{"taxonomy":"product_brand","embeddable":true,"href":"https:\/\/cafetoycamellia.es\/en\/wp-json\/wp\/v2\/product_brand?post=2642"},{"taxonomy":"product_cat","embeddable":true,"href":"https:\/\/cafetoycamellia.es\/en\/wp-json\/wp\/v2\/product_cat?post=2642"},{"taxonomy":"product_tag","embeddable":true,"href":"https:\/\/cafetoycamellia.es\/en\/wp-json\/wp\/v2\/product_tag?post=2642"}],"curies":[{"name":"wp","href":"https:\/\/api.w.org\/{rel}","templated":true}]}}