{"id":5380,"date":"2024-12-13T19:18:07","date_gmt":"2024-12-13T18:18:07","guid":{"rendered":"https:\/\/cafetoycamellia.es\/?page_id=5380"},"modified":"2025-09-09T09:12:07","modified_gmt":"2025-09-09T07:12:07","slug":"cafe-de-especialidad","status":"publish","type":"page","link":"https:\/\/cafetoycamellia.es\/en\/cafe-de-especialidad\/","title":{"rendered":"Caf\u00e9 de Especialidad"},"content":{"rendered":"<div data-elementor-type=\"wp-page\" data-elementor-id=\"5380\" class=\"elementor elementor-5380\" data-elementor-post-type=\"page\">\n\t\t\t\t\t\t<section class=\"elementor-section elementor-top-section elementor-element elementor-element-2f73289 elementor-section-full_width elementor-section-height-default elementor-section-height-default\" data-id=\"2f73289\" data-element_type=\"section\" data-e-type=\"section\" data-settings=\"{&quot;background_background&quot;:&quot;classic&quot;}\">\n\t\t\t\t\t\t\t<div class=\"elementor-background-overlay\"><\/div>\n\t\t\t\t\t\t\t<div class=\"elementor-container elementor-column-gap-no\">\n\t\t\t\t\t<div class=\"elementor-column elementor-col-100 elementor-top-column elementor-element elementor-element-cd21768\" data-id=\"cd21768\" data-element_type=\"column\" data-e-type=\"column\">\n\t\t\t<div class=\"elementor-widget-wrap elementor-element-populated\">\n\t\t\t\t\t\t<div class=\"elementor-element elementor-element-bd9136b elementor-widget__width-initial elementor-widget elementor-widget-heading\" data-id=\"bd9136b\" data-element_type=\"widget\" data-e-type=\"widget\" data-widget_type=\"heading.default\">\n\t\t\t\t<div class=\"elementor-widget-container\">\n\t\t\t\t\t<h1 class=\"elementor-heading-title elementor-size-default\">Caf\u00e9 de Especialidad 100% Ar\u00e1bica<\/h1>\t\t\t\t<\/div>\n\t\t\t\t<\/div>\n\t\t\t\t<div class=\"elementor-element elementor-element-3e38709 elementor-widget elementor-widget-text-editor\" data-id=\"3e38709\" data-element_type=\"widget\" data-e-type=\"widget\" data-widget_type=\"text-editor.default\">\n\t\t\t\t<div class=\"elementor-widget-container\">\n\t\t\t\t\t\t\t\t\t<p style=\"text-align: left;\"><span style=\"font-weight: 400;\">Cada taza cuenta una historia, desde su origen hasta el proceso artesanal de tueste<\/span><\/p>\t\t\t\t\t\t\t\t<\/div>\n\t\t\t\t<\/div>\n\t\t\t\t\t<\/div>\n\t\t<\/div>\n\t\t\t\t\t<\/div>\n\t\t<\/section>\n\t\t<div class=\"elementor-element elementor-element-ee845e9 e-con-full e-flex e-con e-parent\" data-id=\"ee845e9\" data-element_type=\"container\" data-e-type=\"container\">\n\t\t\t\t<div class=\"elementor-element elementor-element-9ef3433 elementor-widget-divider--view-line elementor-widget elementor-widget-divider\" data-id=\"9ef3433\" data-element_type=\"widget\" data-e-type=\"widget\" data-widget_type=\"divider.default\">\n\t\t\t\t<div class=\"elementor-widget-container\">\n\t\t\t\t\t\t\t<div class=\"elementor-divider\">\n\t\t\t<span class=\"elementor-divider-separator\">\n\t\t\t\t\t\t<\/span>\n\t\t<\/div>\n\t\t\t\t\t\t<\/div>\n\t\t\t\t<\/div>\n\t\t\t\t<\/div>\n\t\t<div class=\"elementor-element elementor-element-2de6d32 e-con-full e-flex e-con e-parent\" data-id=\"2de6d32\" data-element_type=\"container\" data-e-type=\"container\">\n\t\t\t\t<div class=\"elementor-element elementor-element-fa528ab elementor-invisible elementor-widget elementor-widget-heading\" data-id=\"fa528ab\" data-element_type=\"widget\" data-e-type=\"widget\" data-settings=\"{&quot;_animation&quot;:&quot;fadeIn&quot;}\" data-widget_type=\"heading.default\">\n\t\t\t\t<div class=\"elementor-widget-container\">\n\t\t\t\t\t<h2 class=\"elementor-heading-title elementor-size-default\">Nuestra Selecci\u00f3n de Caf\u00e9 de Especialidad<\/h2>\t\t\t\t<\/div>\n\t\t\t\t<\/div>\n\t\t\t\t<\/div>\n\t\t<div class=\"elementor-element elementor-element-0ade650 e-con-full e-flex e-con e-parent\" data-id=\"0ade650\" data-element_type=\"container\" data-e-type=\"container\">\n\t\t\t\t<div class=\"elementor-element elementor-element-8e943f8 elementor-product-loop-item--align-center elementor-grid-5 elementor-product-loop-item--align-center elementor-grid-tablet-3 elementor-grid-mobile-2 elementor-products-grid elementor-wc-products elementor-widget elementor-widget-woocommerce-products\" data-id=\"8e943f8\" data-element_type=\"widget\" data-e-type=\"widget\" data-widget_type=\"woocommerce-products.default\">\n\t\t\t\t<div class=\"elementor-widget-container\">\n\t\t\t\t\t<div class=\"woocommerce columns-5\"><ul class=\"products elementor-grid columns-5\">\n<li class=\"desktop-align-center tablet-align-left mobile-align-left product type-product post-2274 status-publish first instock product_cat-cafe-de-especialidad product_cat-cafe-de-origen has-post-thumbnail shipping-taxable purchasable product-type-variable\">\n\t<a href=\"https:\/\/cafetoycamellia.es\/en\/product\/blend-cafeto\/\" class=\"woocommerce-LoopProduct-link woocommerce-loop-product__link\"><img fetchpriority=\"high\" decoding=\"async\" width=\"300\" height=\"300\" src=\"https:\/\/cafetoycamellia.es\/wp-content\/uploads\/2024\/06\/Cafeto-Camellia-Productos-_-2o-version-26_resultado-300x300.webp\" class=\"attachment-woocommerce_thumbnail size-woocommerce_thumbnail\" alt=\"Blend Cafeto\" srcset=\"https:\/\/cafetoycamellia.es\/wp-content\/uploads\/2024\/06\/Cafeto-Camellia-Productos-_-2o-version-26_resultado-300x300.webp 300w, https:\/\/cafetoycamellia.es\/wp-content\/uploads\/2024\/06\/Cafeto-Camellia-Productos-_-2o-version-26_resultado-1024x1024.webp 1024w, https:\/\/cafetoycamellia.es\/wp-content\/uploads\/2024\/06\/Cafeto-Camellia-Productos-_-2o-version-26_resultado-150x150.webp 150w, https:\/\/cafetoycamellia.es\/wp-content\/uploads\/2024\/06\/Cafeto-Camellia-Productos-_-2o-version-26_resultado-768x768.webp 768w, https:\/\/cafetoycamellia.es\/wp-content\/uploads\/2024\/06\/Cafeto-Camellia-Productos-_-2o-version-26_resultado-12x12.webp 12w, https:\/\/cafetoycamellia.es\/wp-content\/uploads\/2024\/06\/Cafeto-Camellia-Productos-_-2o-version-26_resultado-600x600.webp 600w, https:\/\/cafetoycamellia.es\/wp-content\/uploads\/2024\/06\/Cafeto-Camellia-Productos-_-2o-version-26_resultado-100x100.webp 100w, https:\/\/cafetoycamellia.es\/wp-content\/uploads\/2024\/06\/Cafeto-Camellia-Productos-_-2o-version-26_resultado.webp 1080w\" sizes=\"(max-width: 300px) 100vw, 300px\" \/><h2 class=\"woocommerce-loop-product__title\">Blend Cafeto<\/h2>\n\t<span class=\"price\"><span class=\"woocommerce-Price-amount amount\" aria-hidden=\"true\"><bdi>11,00<span class=\"woocommerce-Price-currencySymbol\">&euro;<\/span><\/bdi><\/span> <span aria-hidden=\"true\">&ndash;<\/span> <span class=\"woocommerce-Price-amount amount\" aria-hidden=\"true\"><bdi>41,80<span class=\"woocommerce-Price-currencySymbol\">&euro;<\/span><\/bdi><\/span><span class=\"screen-reader-text\" data-no-translation=\"\" data-trp-gettext=\"\">Price range: 11,00&euro; through 41,80&euro;<\/span><\/span>\n<\/a><a href=\"https:\/\/cafetoycamellia.es\/en\/product\/blend-cafeto\/\" data-quantity=\"1\" class=\"ast-on-card-button ast-select-options-trigger product_type_variable add_to_cart_button\" data-product_id=\"2274\" data-product_sku=\"\" aria-label=\"Select options for \u201cBlend Cafeto\u201d\" rel=\"nofollow\" data-no-translation-aria-label=\"\"> <span class=\"ast-card-action-tooltip\"> Select options <\/span> <span class=\"ahfb-svg-iconset\"> <span class=\"ast-icon icon-cart\"><svg xmlns=\"http:\/\/www.w3.org\/2000\/svg\" xmlns:xlink=\"http:\/\/www.w3.org\/1999\/xlink\" version=\"1.1\" id=\"ast-cart-svg\" x=\"0px\" y=\"0px\" width=\"20px\" height=\"20px\" viewbox=\"826 837.5 140 121\" enable-background=\"new 826 837.5 140 121\" xml:space=\"preserve\">\n\t\t\t\t<path d=\"M878.77,943.611c0,2.75-1.005,5.131-3.015,7.141c-2.009,2.01-4.389,3.014-7.139,3.014c-2.75,0-5.13-1.004-7.139-3.014  c-2.01-2.01-3.015-4.391-3.015-7.141c0-2.749,1.005-5.129,3.015-7.138c2.009-2.011,4.389-3.016,7.139-3.016  c2.75,0,5.13,1.005,7.139,3.016C877.765,938.482,878.77,940.862,878.77,943.611z M949.846,943.611c0,2.75-1.005,5.131-3.015,7.141  s-4.39,3.014-7.141,3.014c-2.748,0-5.129-1.004-7.138-3.014c-2.01-2.01-3.015-4.391-3.015-7.141c0-2.749,1.005-5.129,3.015-7.138  c2.009-2.011,4.39-3.016,7.138-3.016c2.751,0,5.131,1.005,7.141,3.016C948.841,938.482,949.846,940.862,949.846,943.611z   M960,857.306v40.615c0,1.27-0.438,2.393-1.311,3.371s-1.943,1.548-3.212,1.705l-82.815,9.678c0.687,3.174,1.031,5.024,1.031,5.554  c0,0.846-0.635,2.539-1.904,5.076h72.979c1.375,0,2.564,0.503,3.569,1.508c1.006,1.005,1.508,2.194,1.508,3.569  c0,1.376-0.502,2.564-1.508,3.569c-1.005,1.005-2.194,1.507-3.569,1.507H863.54c-1.375,0-2.565-0.502-3.57-1.507  s-1.507-2.193-1.507-3.569c0-0.581,0.212-1.415,0.634-2.498c0.424-1.085,0.847-2.036,1.27-2.855c0.423-0.82,0.992-1.878,1.706-3.174  s1.124-2.076,1.23-2.34l-14.041-65.285h-16.183c-1.375,0-2.564-0.502-3.569-1.507c-1.005-1.005-1.508-2.195-1.508-3.57  c0-1.375,0.502-2.565,1.508-3.57c1.004-1.004,2.194-1.507,3.569-1.507h20.308c0.846,0,1.6,0.172,2.261,0.516  s1.177,0.754,1.547,1.229c0.37,0.476,0.714,1.124,1.032,1.944c0.316,0.819,0.528,1.507,0.634,2.062  c0.106,0.556,0.252,1.336,0.437,2.34c0.185,1.005,0.304,1.692,0.357,2.063h95.271c1.375,0,2.563,0.502,3.57,1.507  C959.497,854.741,960,855.931,960,857.306z\" \/>\n\t\t\t\t<\/svg><\/span> <\/span> <\/a><a href=\"https:\/\/cafetoycamellia.es\/en\/product\/blend-cafeto\/\" aria-describedby=\"woocommerce_loop_add_to_cart_link_describedby_2274\" data-quantity=\"1\" class=\"button product_type_variable add_to_cart_button\" data-product_id=\"2274\" data-product_sku=\"\" aria-label=\"Select options for \u201cBlend Cafeto\u201d\" rel=\"nofollow\" data-no-translation=\"\" data-trp-gettext=\"\" data-no-translation-aria-label=\"\">Select options<\/a>\t<span id=\"woocommerce_loop_add_to_cart_link_describedby_2274\" class=\"screen-reader-text\">\n\t\tThis product has multiple variants. The options may be chosen on the product page\t<\/span>\n<\/li>\n<li class=\"desktop-align-center tablet-align-left mobile-align-left product type-product post-7571 status-publish instock product_cat-cafe-aromatizado product_cat-cafe-descafeinado product_tag-avellana has-post-thumbnail featured shipping-taxable purchasable product-type-variable\">\n\t<a href=\"https:\/\/cafetoycamellia.es\/en\/product\/cafe-aromatizado-cacao-avellana-descafeinado\/\" class=\"woocommerce-LoopProduct-link woocommerce-loop-product__link\"><img decoding=\"async\" width=\"300\" height=\"300\" src=\"https:\/\/cafetoycamellia.es\/wp-content\/uploads\/2025\/12\/CAFE-AROMATIZADO-DESCAFEINADO-CACAO-Y-AVELLANA-300x300.png\" class=\"attachment-woocommerce_thumbnail size-woocommerce_thumbnail\" alt=\"Caf\u00e9 Aromatizado Cacao Avellana Descafeinado\" srcset=\"https:\/\/cafetoycamellia.es\/wp-content\/uploads\/2025\/12\/CAFE-AROMATIZADO-DESCAFEINADO-CACAO-Y-AVELLANA-300x300.png 300w, https:\/\/cafetoycamellia.es\/wp-content\/uploads\/2025\/12\/CAFE-AROMATIZADO-DESCAFEINADO-CACAO-Y-AVELLANA-1024x1024.png 1024w, https:\/\/cafetoycamellia.es\/wp-content\/uploads\/2025\/12\/CAFE-AROMATIZADO-DESCAFEINADO-CACAO-Y-AVELLANA-150x150.png 150w, https:\/\/cafetoycamellia.es\/wp-content\/uploads\/2025\/12\/CAFE-AROMATIZADO-DESCAFEINADO-CACAO-Y-AVELLANA-768x768.png 768w, https:\/\/cafetoycamellia.es\/wp-content\/uploads\/2025\/12\/CAFE-AROMATIZADO-DESCAFEINADO-CACAO-Y-AVELLANA-12x12.png 12w, https:\/\/cafetoycamellia.es\/wp-content\/uploads\/2025\/12\/CAFE-AROMATIZADO-DESCAFEINADO-CACAO-Y-AVELLANA-600x600.png 600w, https:\/\/cafetoycamellia.es\/wp-content\/uploads\/2025\/12\/CAFE-AROMATIZADO-DESCAFEINADO-CACAO-Y-AVELLANA-100x100.png 100w, https:\/\/cafetoycamellia.es\/wp-content\/uploads\/2025\/12\/CAFE-AROMATIZADO-DESCAFEINADO-CACAO-Y-AVELLANA.png 1080w\" sizes=\"(max-width: 300px) 100vw, 300px\" \/><h2 class=\"woocommerce-loop-product__title\">Caf\u00e9 Aromatizado Cacao Avellana Descafeinado<\/h2>\n\t<span class=\"price\"><span class=\"woocommerce-Price-amount amount\" aria-hidden=\"true\"><bdi>14,00<span class=\"woocommerce-Price-currencySymbol\">&euro;<\/span><\/bdi><\/span> <span aria-hidden=\"true\">&ndash;<\/span> <span class=\"woocommerce-Price-amount amount\" aria-hidden=\"true\"><bdi>53,20<span class=\"woocommerce-Price-currencySymbol\">&euro;<\/span><\/bdi><\/span><span class=\"screen-reader-text\" data-no-translation=\"\" data-trp-gettext=\"\">Price range: 14,00&euro; through 53,20&euro;<\/span><\/span>\n<\/a><a href=\"https:\/\/cafetoycamellia.es\/en\/product\/cafe-aromatizado-cacao-avellana-descafeinado\/\" data-quantity=\"1\" class=\"ast-on-card-button ast-select-options-trigger product_type_variable add_to_cart_button\" data-product_id=\"7571\" data-product_sku=\"\" aria-label=\"Select options for \u201cCaf\u00e9 Aromatizado Cacao Avellana Descafeinado\u201d\" rel=\"nofollow\" data-no-translation-aria-label=\"\"> <span class=\"ast-card-action-tooltip\"> Select options <\/span> <span class=\"ahfb-svg-iconset\"> <span class=\"ast-icon icon-cart\"><svg xmlns=\"http:\/\/www.w3.org\/2000\/svg\" xmlns:xlink=\"http:\/\/www.w3.org\/1999\/xlink\" version=\"1.1\" id=\"ast-cart-svg\" x=\"0px\" y=\"0px\" width=\"20px\" height=\"20px\" viewbox=\"826 837.5 140 121\" enable-background=\"new 826 837.5 140 121\" xml:space=\"preserve\">\n\t\t\t\t<path d=\"M878.77,943.611c0,2.75-1.005,5.131-3.015,7.141c-2.009,2.01-4.389,3.014-7.139,3.014c-2.75,0-5.13-1.004-7.139-3.014  c-2.01-2.01-3.015-4.391-3.015-7.141c0-2.749,1.005-5.129,3.015-7.138c2.009-2.011,4.389-3.016,7.139-3.016  c2.75,0,5.13,1.005,7.139,3.016C877.765,938.482,878.77,940.862,878.77,943.611z M949.846,943.611c0,2.75-1.005,5.131-3.015,7.141  s-4.39,3.014-7.141,3.014c-2.748,0-5.129-1.004-7.138-3.014c-2.01-2.01-3.015-4.391-3.015-7.141c0-2.749,1.005-5.129,3.015-7.138  c2.009-2.011,4.39-3.016,7.138-3.016c2.751,0,5.131,1.005,7.141,3.016C948.841,938.482,949.846,940.862,949.846,943.611z   M960,857.306v40.615c0,1.27-0.438,2.393-1.311,3.371s-1.943,1.548-3.212,1.705l-82.815,9.678c0.687,3.174,1.031,5.024,1.031,5.554  c0,0.846-0.635,2.539-1.904,5.076h72.979c1.375,0,2.564,0.503,3.569,1.508c1.006,1.005,1.508,2.194,1.508,3.569  c0,1.376-0.502,2.564-1.508,3.569c-1.005,1.005-2.194,1.507-3.569,1.507H863.54c-1.375,0-2.565-0.502-3.57-1.507  s-1.507-2.193-1.507-3.569c0-0.581,0.212-1.415,0.634-2.498c0.424-1.085,0.847-2.036,1.27-2.855c0.423-0.82,0.992-1.878,1.706-3.174  s1.124-2.076,1.23-2.34l-14.041-65.285h-16.183c-1.375,0-2.564-0.502-3.569-1.507c-1.005-1.005-1.508-2.195-1.508-3.57  c0-1.375,0.502-2.565,1.508-3.57c1.004-1.004,2.194-1.507,3.569-1.507h20.308c0.846,0,1.6,0.172,2.261,0.516  s1.177,0.754,1.547,1.229c0.37,0.476,0.714,1.124,1.032,1.944c0.316,0.819,0.528,1.507,0.634,2.062  c0.106,0.556,0.252,1.336,0.437,2.34c0.185,1.005,0.304,1.692,0.357,2.063h95.271c1.375,0,2.563,0.502,3.57,1.507  C959.497,854.741,960,855.931,960,857.306z\" \/>\n\t\t\t\t<\/svg><\/span> <\/span> <\/a><a href=\"https:\/\/cafetoycamellia.es\/en\/product\/cafe-aromatizado-cacao-avellana-descafeinado\/\" aria-describedby=\"woocommerce_loop_add_to_cart_link_describedby_7571\" data-quantity=\"1\" class=\"button product_type_variable add_to_cart_button\" data-product_id=\"7571\" data-product_sku=\"\" aria-label=\"Select options for \u201cCaf\u00e9 Aromatizado Cacao Avellana Descafeinado\u201d\" rel=\"nofollow\" data-no-translation=\"\" data-trp-gettext=\"\" data-no-translation-aria-label=\"\">Select options<\/a>\t<span id=\"woocommerce_loop_add_to_cart_link_describedby_7571\" class=\"screen-reader-text\">\n\t\tThis product has multiple variants. The options may be chosen on the product page\t<\/span>\n<\/li>\n<li class=\"desktop-align-center tablet-align-left mobile-align-left product type-product post-1828 status-publish instock product_cat-cafe-de-especialidad product_cat-cafe-de-origen has-post-thumbnail shipping-taxable purchasable product-type-variable\">\n\t<a href=\"https:\/\/cafetoycamellia.es\/en\/product\/cafe-brasil\/\" class=\"woocommerce-LoopProduct-link woocommerce-loop-product__link\"><img decoding=\"async\" width=\"300\" height=\"300\" src=\"https:\/\/cafetoycamellia.es\/wp-content\/uploads\/2024\/06\/Cafeto-Camellia-Productos-_-2o-version-11_resultado-300x300.webp\" class=\"attachment-woocommerce_thumbnail size-woocommerce_thumbnail\" alt=\"caf\u00e9 Brasil\" srcset=\"https:\/\/cafetoycamellia.es\/wp-content\/uploads\/2024\/06\/Cafeto-Camellia-Productos-_-2o-version-11_resultado-300x300.webp 300w, https:\/\/cafetoycamellia.es\/wp-content\/uploads\/2024\/06\/Cafeto-Camellia-Productos-_-2o-version-11_resultado-1024x1024.webp 1024w, https:\/\/cafetoycamellia.es\/wp-content\/uploads\/2024\/06\/Cafeto-Camellia-Productos-_-2o-version-11_resultado-150x150.webp 150w, https:\/\/cafetoycamellia.es\/wp-content\/uploads\/2024\/06\/Cafeto-Camellia-Productos-_-2o-version-11_resultado-768x768.webp 768w, https:\/\/cafetoycamellia.es\/wp-content\/uploads\/2024\/06\/Cafeto-Camellia-Productos-_-2o-version-11_resultado-12x12.webp 12w, https:\/\/cafetoycamellia.es\/wp-content\/uploads\/2024\/06\/Cafeto-Camellia-Productos-_-2o-version-11_resultado-600x600.webp 600w, https:\/\/cafetoycamellia.es\/wp-content\/uploads\/2024\/06\/Cafeto-Camellia-Productos-_-2o-version-11_resultado-100x100.webp 100w, https:\/\/cafetoycamellia.es\/wp-content\/uploads\/2024\/06\/Cafeto-Camellia-Productos-_-2o-version-11_resultado.webp 1080w\" sizes=\"(max-width: 300px) 100vw, 300px\" \/><h2 class=\"woocommerce-loop-product__title\">Caf\u00e9 Brasil<\/h2>\n\t<span class=\"price\"><span class=\"woocommerce-Price-amount amount\" aria-hidden=\"true\"><bdi>11,00<span class=\"woocommerce-Price-currencySymbol\">&euro;<\/span><\/bdi><\/span> <span aria-hidden=\"true\">&ndash;<\/span> <span class=\"woocommerce-Price-amount amount\" aria-hidden=\"true\"><bdi>41,80<span class=\"woocommerce-Price-currencySymbol\">&euro;<\/span><\/bdi><\/span><span class=\"screen-reader-text\" data-no-translation=\"\" data-trp-gettext=\"\">Price range: 11,00&euro; through 41,80&euro;<\/span><\/span>\n<\/a><a href=\"https:\/\/cafetoycamellia.es\/en\/product\/cafe-brasil\/\" data-quantity=\"1\" class=\"ast-on-card-button ast-select-options-trigger product_type_variable add_to_cart_button\" data-product_id=\"1828\" data-product_sku=\"\" aria-label=\"Select options for \u201cCaf\u00e9 Brasil\u201d\" rel=\"nofollow\" data-no-translation-aria-label=\"\"> <span class=\"ast-card-action-tooltip\"> Select options <\/span> <span class=\"ahfb-svg-iconset\"> <span class=\"ast-icon icon-cart\"><svg xmlns=\"http:\/\/www.w3.org\/2000\/svg\" xmlns:xlink=\"http:\/\/www.w3.org\/1999\/xlink\" version=\"1.1\" id=\"ast-cart-svg\" x=\"0px\" y=\"0px\" width=\"20px\" height=\"20px\" viewbox=\"826 837.5 140 121\" enable-background=\"new 826 837.5 140 121\" xml:space=\"preserve\">\n\t\t\t\t<path d=\"M878.77,943.611c0,2.75-1.005,5.131-3.015,7.141c-2.009,2.01-4.389,3.014-7.139,3.014c-2.75,0-5.13-1.004-7.139-3.014  c-2.01-2.01-3.015-4.391-3.015-7.141c0-2.749,1.005-5.129,3.015-7.138c2.009-2.011,4.389-3.016,7.139-3.016  c2.75,0,5.13,1.005,7.139,3.016C877.765,938.482,878.77,940.862,878.77,943.611z M949.846,943.611c0,2.75-1.005,5.131-3.015,7.141  s-4.39,3.014-7.141,3.014c-2.748,0-5.129-1.004-7.138-3.014c-2.01-2.01-3.015-4.391-3.015-7.141c0-2.749,1.005-5.129,3.015-7.138  c2.009-2.011,4.39-3.016,7.138-3.016c2.751,0,5.131,1.005,7.141,3.016C948.841,938.482,949.846,940.862,949.846,943.611z   M960,857.306v40.615c0,1.27-0.438,2.393-1.311,3.371s-1.943,1.548-3.212,1.705l-82.815,9.678c0.687,3.174,1.031,5.024,1.031,5.554  c0,0.846-0.635,2.539-1.904,5.076h72.979c1.375,0,2.564,0.503,3.569,1.508c1.006,1.005,1.508,2.194,1.508,3.569  c0,1.376-0.502,2.564-1.508,3.569c-1.005,1.005-2.194,1.507-3.569,1.507H863.54c-1.375,0-2.565-0.502-3.57-1.507  s-1.507-2.193-1.507-3.569c0-0.581,0.212-1.415,0.634-2.498c0.424-1.085,0.847-2.036,1.27-2.855c0.423-0.82,0.992-1.878,1.706-3.174  s1.124-2.076,1.23-2.34l-14.041-65.285h-16.183c-1.375,0-2.564-0.502-3.569-1.507c-1.005-1.005-1.508-2.195-1.508-3.57  c0-1.375,0.502-2.565,1.508-3.57c1.004-1.004,2.194-1.507,3.569-1.507h20.308c0.846,0,1.6,0.172,2.261,0.516  s1.177,0.754,1.547,1.229c0.37,0.476,0.714,1.124,1.032,1.944c0.316,0.819,0.528,1.507,0.634,2.062  c0.106,0.556,0.252,1.336,0.437,2.34c0.185,1.005,0.304,1.692,0.357,2.063h95.271c1.375,0,2.563,0.502,3.57,1.507  C959.497,854.741,960,855.931,960,857.306z\" \/>\n\t\t\t\t<\/svg><\/span> <\/span> <\/a><a href=\"https:\/\/cafetoycamellia.es\/en\/product\/cafe-brasil\/\" aria-describedby=\"woocommerce_loop_add_to_cart_link_describedby_1828\" data-quantity=\"1\" class=\"button product_type_variable add_to_cart_button\" data-product_id=\"1828\" data-product_sku=\"\" aria-label=\"Select options for \u201cCaf\u00e9 Brasil\u201d\" rel=\"nofollow\" data-no-translation=\"\" data-trp-gettext=\"\" data-no-translation-aria-label=\"\">Select options<\/a>\t<span id=\"woocommerce_loop_add_to_cart_link_describedby_1828\" class=\"screen-reader-text\">\n\t\tThis product has multiple variants. The options may be chosen on the product page\t<\/span>\n<\/li>\n<li class=\"desktop-align-center tablet-align-left mobile-align-left product type-product post-2281 status-publish instock product_cat-cafe-de-especialidad product_cat-cafe-de-origen has-post-thumbnail shipping-taxable purchasable product-type-variable\">\n\t<a href=\"https:\/\/cafetoycamellia.es\/en\/product\/cafe-colombia\/\" class=\"woocommerce-LoopProduct-link woocommerce-loop-product__link\"><img loading=\"lazy\" decoding=\"async\" width=\"300\" height=\"300\" src=\"https:\/\/cafetoycamellia.es\/wp-content\/uploads\/2024\/06\/Cafeto-Camellia-Productos-_-2o-version-12_resultado-300x300.webp\" class=\"attachment-woocommerce_thumbnail size-woocommerce_thumbnail\" alt=\"caf\u00e9 Colombia\" srcset=\"https:\/\/cafetoycamellia.es\/wp-content\/uploads\/2024\/06\/Cafeto-Camellia-Productos-_-2o-version-12_resultado-300x300.webp 300w, https:\/\/cafetoycamellia.es\/wp-content\/uploads\/2024\/06\/Cafeto-Camellia-Productos-_-2o-version-12_resultado-1024x1024.webp 1024w, https:\/\/cafetoycamellia.es\/wp-content\/uploads\/2024\/06\/Cafeto-Camellia-Productos-_-2o-version-12_resultado-150x150.webp 150w, https:\/\/cafetoycamellia.es\/wp-content\/uploads\/2024\/06\/Cafeto-Camellia-Productos-_-2o-version-12_resultado-768x768.webp 768w, https:\/\/cafetoycamellia.es\/wp-content\/uploads\/2024\/06\/Cafeto-Camellia-Productos-_-2o-version-12_resultado-12x12.webp 12w, https:\/\/cafetoycamellia.es\/wp-content\/uploads\/2024\/06\/Cafeto-Camellia-Productos-_-2o-version-12_resultado-600x600.webp 600w, https:\/\/cafetoycamellia.es\/wp-content\/uploads\/2024\/06\/Cafeto-Camellia-Productos-_-2o-version-12_resultado-100x100.webp 100w, https:\/\/cafetoycamellia.es\/wp-content\/uploads\/2024\/06\/Cafeto-Camellia-Productos-_-2o-version-12_resultado.webp 1080w\" sizes=\"(max-width: 300px) 100vw, 300px\" \/><h2 class=\"woocommerce-loop-product__title\">Caf\u00e9 Colombia<\/h2>\n\t<span class=\"price\"><span class=\"woocommerce-Price-amount amount\" aria-hidden=\"true\"><bdi>11,00<span class=\"woocommerce-Price-currencySymbol\">&euro;<\/span><\/bdi><\/span> <span aria-hidden=\"true\">&ndash;<\/span> <span class=\"woocommerce-Price-amount amount\" aria-hidden=\"true\"><bdi>41,80<span class=\"woocommerce-Price-currencySymbol\">&euro;<\/span><\/bdi><\/span><span class=\"screen-reader-text\" data-no-translation=\"\" data-trp-gettext=\"\">Price range: 11,00&euro; through 41,80&euro;<\/span><\/span>\n<\/a><a href=\"https:\/\/cafetoycamellia.es\/en\/product\/cafe-colombia\/\" data-quantity=\"1\" class=\"ast-on-card-button ast-select-options-trigger product_type_variable add_to_cart_button\" data-product_id=\"2281\" data-product_sku=\"\" aria-label=\"Select options for \u201cCaf\u00e9 Colombia\u201d\" rel=\"nofollow\" data-no-translation-aria-label=\"\"> <span class=\"ast-card-action-tooltip\"> Select options <\/span> <span class=\"ahfb-svg-iconset\"> <span class=\"ast-icon icon-cart\"><svg xmlns=\"http:\/\/www.w3.org\/2000\/svg\" xmlns:xlink=\"http:\/\/www.w3.org\/1999\/xlink\" version=\"1.1\" id=\"ast-cart-svg\" x=\"0px\" y=\"0px\" width=\"20px\" height=\"20px\" viewbox=\"826 837.5 140 121\" enable-background=\"new 826 837.5 140 121\" xml:space=\"preserve\">\n\t\t\t\t<path d=\"M878.77,943.611c0,2.75-1.005,5.131-3.015,7.141c-2.009,2.01-4.389,3.014-7.139,3.014c-2.75,0-5.13-1.004-7.139-3.014  c-2.01-2.01-3.015-4.391-3.015-7.141c0-2.749,1.005-5.129,3.015-7.138c2.009-2.011,4.389-3.016,7.139-3.016  c2.75,0,5.13,1.005,7.139,3.016C877.765,938.482,878.77,940.862,878.77,943.611z M949.846,943.611c0,2.75-1.005,5.131-3.015,7.141  s-4.39,3.014-7.141,3.014c-2.748,0-5.129-1.004-7.138-3.014c-2.01-2.01-3.015-4.391-3.015-7.141c0-2.749,1.005-5.129,3.015-7.138  c2.009-2.011,4.39-3.016,7.138-3.016c2.751,0,5.131,1.005,7.141,3.016C948.841,938.482,949.846,940.862,949.846,943.611z   M960,857.306v40.615c0,1.27-0.438,2.393-1.311,3.371s-1.943,1.548-3.212,1.705l-82.815,9.678c0.687,3.174,1.031,5.024,1.031,5.554  c0,0.846-0.635,2.539-1.904,5.076h72.979c1.375,0,2.564,0.503,3.569,1.508c1.006,1.005,1.508,2.194,1.508,3.569  c0,1.376-0.502,2.564-1.508,3.569c-1.005,1.005-2.194,1.507-3.569,1.507H863.54c-1.375,0-2.565-0.502-3.57-1.507  s-1.507-2.193-1.507-3.569c0-0.581,0.212-1.415,0.634-2.498c0.424-1.085,0.847-2.036,1.27-2.855c0.423-0.82,0.992-1.878,1.706-3.174  s1.124-2.076,1.23-2.34l-14.041-65.285h-16.183c-1.375,0-2.564-0.502-3.569-1.507c-1.005-1.005-1.508-2.195-1.508-3.57  c0-1.375,0.502-2.565,1.508-3.57c1.004-1.004,2.194-1.507,3.569-1.507h20.308c0.846,0,1.6,0.172,2.261,0.516  s1.177,0.754,1.547,1.229c0.37,0.476,0.714,1.124,1.032,1.944c0.316,0.819,0.528,1.507,0.634,2.062  c0.106,0.556,0.252,1.336,0.437,2.34c0.185,1.005,0.304,1.692,0.357,2.063h95.271c1.375,0,2.563,0.502,3.57,1.507  C959.497,854.741,960,855.931,960,857.306z\" \/>\n\t\t\t\t<\/svg><\/span> <\/span> <\/a><a href=\"https:\/\/cafetoycamellia.es\/en\/product\/cafe-colombia\/\" aria-describedby=\"woocommerce_loop_add_to_cart_link_describedby_2281\" data-quantity=\"1\" class=\"button product_type_variable add_to_cart_button\" data-product_id=\"2281\" data-product_sku=\"\" aria-label=\"Select options for \u201cCaf\u00e9 Colombia\u201d\" rel=\"nofollow\" data-no-translation=\"\" data-trp-gettext=\"\" data-no-translation-aria-label=\"\">Select options<\/a>\t<span id=\"woocommerce_loop_add_to_cart_link_describedby_2281\" class=\"screen-reader-text\">\n\t\tThis product has multiple variants. The options may be chosen on the product page\t<\/span>\n<\/li>\n<li class=\"desktop-align-center tablet-align-left mobile-align-left product type-product post-2256 status-publish last instock product_cat-cafe-de-especialidad product_cat-cafe-de-origen product_cat-cafe-descafeinado has-post-thumbnail shipping-taxable purchasable product-type-variable\">\n\t<a href=\"https:\/\/cafetoycamellia.es\/en\/product\/cafe-colombia-descafeinado\/\" class=\"woocommerce-LoopProduct-link woocommerce-loop-product__link\"><img loading=\"lazy\" decoding=\"async\" width=\"300\" height=\"300\" src=\"https:\/\/cafetoycamellia.es\/wp-content\/uploads\/2024\/10\/CAFE-DESCAFEINADO-COLOMBIA-300x300.png\" class=\"attachment-woocommerce_thumbnail size-woocommerce_thumbnail\" alt=\"Caf\u00e9 Colombia Descafeinado\" srcset=\"https:\/\/cafetoycamellia.es\/wp-content\/uploads\/2024\/10\/CAFE-DESCAFEINADO-COLOMBIA-300x300.png 300w, https:\/\/cafetoycamellia.es\/wp-content\/uploads\/2024\/10\/CAFE-DESCAFEINADO-COLOMBIA-100x100.png 100w, https:\/\/cafetoycamellia.es\/wp-content\/uploads\/2024\/10\/CAFE-DESCAFEINADO-COLOMBIA-600x600.png 600w, https:\/\/cafetoycamellia.es\/wp-content\/uploads\/2024\/10\/CAFE-DESCAFEINADO-COLOMBIA-1024x1024.png 1024w, https:\/\/cafetoycamellia.es\/wp-content\/uploads\/2024\/10\/CAFE-DESCAFEINADO-COLOMBIA-150x150.png 150w, https:\/\/cafetoycamellia.es\/wp-content\/uploads\/2024\/10\/CAFE-DESCAFEINADO-COLOMBIA-768x768.png 768w, https:\/\/cafetoycamellia.es\/wp-content\/uploads\/2024\/10\/CAFE-DESCAFEINADO-COLOMBIA.png 1080w\" sizes=\"(max-width: 300px) 100vw, 300px\" \/><h2 class=\"woocommerce-loop-product__title\">Caf\u00e9 Colombia Descafeinado<\/h2>\n\t<span class=\"price\"><span class=\"woocommerce-Price-amount amount\" aria-hidden=\"true\"><bdi>12,00<span class=\"woocommerce-Price-currencySymbol\">&euro;<\/span><\/bdi><\/span> <span aria-hidden=\"true\">&ndash;<\/span> <span class=\"woocommerce-Price-amount amount\" aria-hidden=\"true\"><bdi>45,60<span class=\"woocommerce-Price-currencySymbol\">&euro;<\/span><\/bdi><\/span><span class=\"screen-reader-text\" data-no-translation=\"\" data-trp-gettext=\"\">Price range: 12,00&euro; through 45,60&euro;<\/span><\/span>\n<\/a><a href=\"https:\/\/cafetoycamellia.es\/en\/product\/cafe-colombia-descafeinado\/\" data-quantity=\"1\" class=\"ast-on-card-button ast-select-options-trigger product_type_variable add_to_cart_button\" data-product_id=\"2256\" data-product_sku=\"\" aria-label=\"Select options for \u201cCaf\u00e9 Colombia Descafeinado\u201d\" rel=\"nofollow\" data-no-translation-aria-label=\"\"> <span class=\"ast-card-action-tooltip\"> Select options <\/span> <span class=\"ahfb-svg-iconset\"> <span class=\"ast-icon icon-cart\"><svg xmlns=\"http:\/\/www.w3.org\/2000\/svg\" xmlns:xlink=\"http:\/\/www.w3.org\/1999\/xlink\" version=\"1.1\" id=\"ast-cart-svg\" x=\"0px\" y=\"0px\" width=\"20px\" height=\"20px\" viewbox=\"826 837.5 140 121\" enable-background=\"new 826 837.5 140 121\" xml:space=\"preserve\">\n\t\t\t\t<path d=\"M878.77,943.611c0,2.75-1.005,5.131-3.015,7.141c-2.009,2.01-4.389,3.014-7.139,3.014c-2.75,0-5.13-1.004-7.139-3.014  c-2.01-2.01-3.015-4.391-3.015-7.141c0-2.749,1.005-5.129,3.015-7.138c2.009-2.011,4.389-3.016,7.139-3.016  c2.75,0,5.13,1.005,7.139,3.016C877.765,938.482,878.77,940.862,878.77,943.611z M949.846,943.611c0,2.75-1.005,5.131-3.015,7.141  s-4.39,3.014-7.141,3.014c-2.748,0-5.129-1.004-7.138-3.014c-2.01-2.01-3.015-4.391-3.015-7.141c0-2.749,1.005-5.129,3.015-7.138  c2.009-2.011,4.39-3.016,7.138-3.016c2.751,0,5.131,1.005,7.141,3.016C948.841,938.482,949.846,940.862,949.846,943.611z   M960,857.306v40.615c0,1.27-0.438,2.393-1.311,3.371s-1.943,1.548-3.212,1.705l-82.815,9.678c0.687,3.174,1.031,5.024,1.031,5.554  c0,0.846-0.635,2.539-1.904,5.076h72.979c1.375,0,2.564,0.503,3.569,1.508c1.006,1.005,1.508,2.194,1.508,3.569  c0,1.376-0.502,2.564-1.508,3.569c-1.005,1.005-2.194,1.507-3.569,1.507H863.54c-1.375,0-2.565-0.502-3.57-1.507  s-1.507-2.193-1.507-3.569c0-0.581,0.212-1.415,0.634-2.498c0.424-1.085,0.847-2.036,1.27-2.855c0.423-0.82,0.992-1.878,1.706-3.174  s1.124-2.076,1.23-2.34l-14.041-65.285h-16.183c-1.375,0-2.564-0.502-3.569-1.507c-1.005-1.005-1.508-2.195-1.508-3.57  c0-1.375,0.502-2.565,1.508-3.57c1.004-1.004,2.194-1.507,3.569-1.507h20.308c0.846,0,1.6,0.172,2.261,0.516  s1.177,0.754,1.547,1.229c0.37,0.476,0.714,1.124,1.032,1.944c0.316,0.819,0.528,1.507,0.634,2.062  c0.106,0.556,0.252,1.336,0.437,2.34c0.185,1.005,0.304,1.692,0.357,2.063h95.271c1.375,0,2.563,0.502,3.57,1.507  C959.497,854.741,960,855.931,960,857.306z\" \/>\n\t\t\t\t<\/svg><\/span> <\/span> <\/a><a href=\"https:\/\/cafetoycamellia.es\/en\/product\/cafe-colombia-descafeinado\/\" aria-describedby=\"woocommerce_loop_add_to_cart_link_describedby_2256\" data-quantity=\"1\" class=\"button product_type_variable add_to_cart_button\" data-product_id=\"2256\" data-product_sku=\"\" aria-label=\"Select options for \u201cCaf\u00e9 Colombia Descafeinado\u201d\" rel=\"nofollow\" data-no-translation=\"\" data-trp-gettext=\"\" data-no-translation-aria-label=\"\">Select options<\/a>\t<span id=\"woocommerce_loop_add_to_cart_link_describedby_2256\" class=\"screen-reader-text\">\n\t\tThis product has multiple variants. The options may be chosen on the product page\t<\/span>\n<\/li>\n<li class=\"desktop-align-center tablet-align-left mobile-align-left product type-product post-2288 status-publish first instock product_cat-cafe-de-especialidad product_cat-cafe-de-origen has-post-thumbnail shipping-taxable purchasable product-type-variable\">\n\t<a href=\"https:\/\/cafetoycamellia.es\/en\/product\/cafe-costa-rica\/\" class=\"woocommerce-LoopProduct-link woocommerce-loop-product__link\"><img loading=\"lazy\" decoding=\"async\" width=\"300\" height=\"300\" src=\"https:\/\/cafetoycamellia.es\/wp-content\/uploads\/2024\/06\/CAFE-ORIGEN-AMERICA-COSTA-RICA-300x300.png\" class=\"attachment-woocommerce_thumbnail size-woocommerce_thumbnail\" alt=\"Caf\u00e9 Costa Rica\" srcset=\"https:\/\/cafetoycamellia.es\/wp-content\/uploads\/2024\/06\/CAFE-ORIGEN-AMERICA-COSTA-RICA-300x300.png 300w, https:\/\/cafetoycamellia.es\/wp-content\/uploads\/2024\/06\/CAFE-ORIGEN-AMERICA-COSTA-RICA-1024x1024.png 1024w, https:\/\/cafetoycamellia.es\/wp-content\/uploads\/2024\/06\/CAFE-ORIGEN-AMERICA-COSTA-RICA-150x150.png 150w, https:\/\/cafetoycamellia.es\/wp-content\/uploads\/2024\/06\/CAFE-ORIGEN-AMERICA-COSTA-RICA-768x768.png 768w, https:\/\/cafetoycamellia.es\/wp-content\/uploads\/2024\/06\/CAFE-ORIGEN-AMERICA-COSTA-RICA-12x12.png 12w, https:\/\/cafetoycamellia.es\/wp-content\/uploads\/2024\/06\/CAFE-ORIGEN-AMERICA-COSTA-RICA-600x600.png 600w, https:\/\/cafetoycamellia.es\/wp-content\/uploads\/2024\/06\/CAFE-ORIGEN-AMERICA-COSTA-RICA-100x100.png 100w, https:\/\/cafetoycamellia.es\/wp-content\/uploads\/2024\/06\/CAFE-ORIGEN-AMERICA-COSTA-RICA.png 1080w\" sizes=\"(max-width: 300px) 100vw, 300px\" \/><h2 class=\"woocommerce-loop-product__title\">Caf\u00e9 Costa Rica<\/h2>\n\t<span class=\"price\"><span class=\"woocommerce-Price-amount amount\" aria-hidden=\"true\"><bdi>12,00<span class=\"woocommerce-Price-currencySymbol\">&euro;<\/span><\/bdi><\/span> <span aria-hidden=\"true\">&ndash;<\/span> <span class=\"woocommerce-Price-amount amount\" aria-hidden=\"true\"><bdi>45,60<span class=\"woocommerce-Price-currencySymbol\">&euro;<\/span><\/bdi><\/span><span class=\"screen-reader-text\" data-no-translation=\"\" data-trp-gettext=\"\">Price range: 12,00&euro; through 45,60&euro;<\/span><\/span>\n<\/a><a href=\"https:\/\/cafetoycamellia.es\/en\/product\/cafe-costa-rica\/\" data-quantity=\"1\" class=\"ast-on-card-button ast-select-options-trigger product_type_variable add_to_cart_button\" data-product_id=\"2288\" data-product_sku=\"\" aria-label=\"Select options for \u201cCaf\u00e9 Costa Rica\u201d\" rel=\"nofollow\" data-no-translation-aria-label=\"\"> <span class=\"ast-card-action-tooltip\"> Select options <\/span> <span class=\"ahfb-svg-iconset\"> <span class=\"ast-icon icon-cart\"><svg xmlns=\"http:\/\/www.w3.org\/2000\/svg\" xmlns:xlink=\"http:\/\/www.w3.org\/1999\/xlink\" version=\"1.1\" id=\"ast-cart-svg\" x=\"0px\" y=\"0px\" width=\"20px\" height=\"20px\" viewbox=\"826 837.5 140 121\" enable-background=\"new 826 837.5 140 121\" xml:space=\"preserve\">\n\t\t\t\t<path d=\"M878.77,943.611c0,2.75-1.005,5.131-3.015,7.141c-2.009,2.01-4.389,3.014-7.139,3.014c-2.75,0-5.13-1.004-7.139-3.014  c-2.01-2.01-3.015-4.391-3.015-7.141c0-2.749,1.005-5.129,3.015-7.138c2.009-2.011,4.389-3.016,7.139-3.016  c2.75,0,5.13,1.005,7.139,3.016C877.765,938.482,878.77,940.862,878.77,943.611z M949.846,943.611c0,2.75-1.005,5.131-3.015,7.141  s-4.39,3.014-7.141,3.014c-2.748,0-5.129-1.004-7.138-3.014c-2.01-2.01-3.015-4.391-3.015-7.141c0-2.749,1.005-5.129,3.015-7.138  c2.009-2.011,4.39-3.016,7.138-3.016c2.751,0,5.131,1.005,7.141,3.016C948.841,938.482,949.846,940.862,949.846,943.611z   M960,857.306v40.615c0,1.27-0.438,2.393-1.311,3.371s-1.943,1.548-3.212,1.705l-82.815,9.678c0.687,3.174,1.031,5.024,1.031,5.554  c0,0.846-0.635,2.539-1.904,5.076h72.979c1.375,0,2.564,0.503,3.569,1.508c1.006,1.005,1.508,2.194,1.508,3.569  c0,1.376-0.502,2.564-1.508,3.569c-1.005,1.005-2.194,1.507-3.569,1.507H863.54c-1.375,0-2.565-0.502-3.57-1.507  s-1.507-2.193-1.507-3.569c0-0.581,0.212-1.415,0.634-2.498c0.424-1.085,0.847-2.036,1.27-2.855c0.423-0.82,0.992-1.878,1.706-3.174  s1.124-2.076,1.23-2.34l-14.041-65.285h-16.183c-1.375,0-2.564-0.502-3.569-1.507c-1.005-1.005-1.508-2.195-1.508-3.57  c0-1.375,0.502-2.565,1.508-3.57c1.004-1.004,2.194-1.507,3.569-1.507h20.308c0.846,0,1.6,0.172,2.261,0.516  s1.177,0.754,1.547,1.229c0.37,0.476,0.714,1.124,1.032,1.944c0.316,0.819,0.528,1.507,0.634,2.062  c0.106,0.556,0.252,1.336,0.437,2.34c0.185,1.005,0.304,1.692,0.357,2.063h95.271c1.375,0,2.563,0.502,3.57,1.507  C959.497,854.741,960,855.931,960,857.306z\" \/>\n\t\t\t\t<\/svg><\/span> <\/span> <\/a><a href=\"https:\/\/cafetoycamellia.es\/en\/product\/cafe-costa-rica\/\" aria-describedby=\"woocommerce_loop_add_to_cart_link_describedby_2288\" data-quantity=\"1\" class=\"button product_type_variable add_to_cart_button\" data-product_id=\"2288\" data-product_sku=\"\" aria-label=\"Select options for \u201cCaf\u00e9 Costa Rica\u201d\" rel=\"nofollow\" data-no-translation=\"\" data-trp-gettext=\"\" data-no-translation-aria-label=\"\">Select options<\/a>\t<span id=\"woocommerce_loop_add_to_cart_link_describedby_2288\" class=\"screen-reader-text\">\n\t\tThis product has multiple variants. The options may be chosen on the product page\t<\/span>\n<\/li>\n<li class=\"desktop-align-center tablet-align-left mobile-align-left product type-product post-2380 status-publish instock product_cat-cafe-de-origen product_cat-cafe-de-especialidad has-post-thumbnail shipping-taxable purchasable product-type-variable\">\n\t<a href=\"https:\/\/cafetoycamellia.es\/en\/product\/cafe-cuba-turquino\/\" class=\"woocommerce-LoopProduct-link woocommerce-loop-product__link\"><img loading=\"lazy\" decoding=\"async\" width=\"300\" height=\"300\" src=\"https:\/\/cafetoycamellia.es\/wp-content\/uploads\/2024\/06\/CAFE-ORIGEN-AMERICA-CUBA-300x300.png\" class=\"attachment-woocommerce_thumbnail size-woocommerce_thumbnail\" alt=\"Caf\u00e9 Cuba Turquino\" srcset=\"https:\/\/cafetoycamellia.es\/wp-content\/uploads\/2024\/06\/CAFE-ORIGEN-AMERICA-CUBA-300x300.png 300w, https:\/\/cafetoycamellia.es\/wp-content\/uploads\/2024\/06\/CAFE-ORIGEN-AMERICA-CUBA-1024x1024.png 1024w, https:\/\/cafetoycamellia.es\/wp-content\/uploads\/2024\/06\/CAFE-ORIGEN-AMERICA-CUBA-150x150.png 150w, https:\/\/cafetoycamellia.es\/wp-content\/uploads\/2024\/06\/CAFE-ORIGEN-AMERICA-CUBA-768x768.png 768w, https:\/\/cafetoycamellia.es\/wp-content\/uploads\/2024\/06\/CAFE-ORIGEN-AMERICA-CUBA-12x12.png 12w, https:\/\/cafetoycamellia.es\/wp-content\/uploads\/2024\/06\/CAFE-ORIGEN-AMERICA-CUBA-600x600.png 600w, https:\/\/cafetoycamellia.es\/wp-content\/uploads\/2024\/06\/CAFE-ORIGEN-AMERICA-CUBA-100x100.png 100w, https:\/\/cafetoycamellia.es\/wp-content\/uploads\/2024\/06\/CAFE-ORIGEN-AMERICA-CUBA.png 1080w\" sizes=\"(max-width: 300px) 100vw, 300px\" \/><h2 class=\"woocommerce-loop-product__title\">Caf\u00e9 Cuba Turquino<\/h2>\n\t<span class=\"price\"><span class=\"woocommerce-Price-amount amount\" aria-hidden=\"true\"><bdi>12,00<span class=\"woocommerce-Price-currencySymbol\">&euro;<\/span><\/bdi><\/span> <span aria-hidden=\"true\">&ndash;<\/span> <span class=\"woocommerce-Price-amount amount\" aria-hidden=\"true\"><bdi>45,60<span class=\"woocommerce-Price-currencySymbol\">&euro;<\/span><\/bdi><\/span><span class=\"screen-reader-text\" data-no-translation=\"\" data-trp-gettext=\"\">Price range: 12,00&euro; through 45,60&euro;<\/span><\/span>\n<\/a><a href=\"https:\/\/cafetoycamellia.es\/en\/product\/cafe-cuba-turquino\/\" data-quantity=\"1\" class=\"ast-on-card-button ast-select-options-trigger product_type_variable add_to_cart_button\" data-product_id=\"2380\" data-product_sku=\"\" aria-label=\"Select options for \u201cCaf\u00e9 Cuba Turquino\u201d\" rel=\"nofollow\" data-no-translation-aria-label=\"\"> <span class=\"ast-card-action-tooltip\"> Select options <\/span> <span class=\"ahfb-svg-iconset\"> <span class=\"ast-icon icon-cart\"><svg xmlns=\"http:\/\/www.w3.org\/2000\/svg\" xmlns:xlink=\"http:\/\/www.w3.org\/1999\/xlink\" version=\"1.1\" id=\"ast-cart-svg\" x=\"0px\" y=\"0px\" width=\"20px\" height=\"20px\" viewbox=\"826 837.5 140 121\" enable-background=\"new 826 837.5 140 121\" xml:space=\"preserve\">\n\t\t\t\t<path d=\"M878.77,943.611c0,2.75-1.005,5.131-3.015,7.141c-2.009,2.01-4.389,3.014-7.139,3.014c-2.75,0-5.13-1.004-7.139-3.014  c-2.01-2.01-3.015-4.391-3.015-7.141c0-2.749,1.005-5.129,3.015-7.138c2.009-2.011,4.389-3.016,7.139-3.016  c2.75,0,5.13,1.005,7.139,3.016C877.765,938.482,878.77,940.862,878.77,943.611z M949.846,943.611c0,2.75-1.005,5.131-3.015,7.141  s-4.39,3.014-7.141,3.014c-2.748,0-5.129-1.004-7.138-3.014c-2.01-2.01-3.015-4.391-3.015-7.141c0-2.749,1.005-5.129,3.015-7.138  c2.009-2.011,4.39-3.016,7.138-3.016c2.751,0,5.131,1.005,7.141,3.016C948.841,938.482,949.846,940.862,949.846,943.611z   M960,857.306v40.615c0,1.27-0.438,2.393-1.311,3.371s-1.943,1.548-3.212,1.705l-82.815,9.678c0.687,3.174,1.031,5.024,1.031,5.554  c0,0.846-0.635,2.539-1.904,5.076h72.979c1.375,0,2.564,0.503,3.569,1.508c1.006,1.005,1.508,2.194,1.508,3.569  c0,1.376-0.502,2.564-1.508,3.569c-1.005,1.005-2.194,1.507-3.569,1.507H863.54c-1.375,0-2.565-0.502-3.57-1.507  s-1.507-2.193-1.507-3.569c0-0.581,0.212-1.415,0.634-2.498c0.424-1.085,0.847-2.036,1.27-2.855c0.423-0.82,0.992-1.878,1.706-3.174  s1.124-2.076,1.23-2.34l-14.041-65.285h-16.183c-1.375,0-2.564-0.502-3.569-1.507c-1.005-1.005-1.508-2.195-1.508-3.57  c0-1.375,0.502-2.565,1.508-3.57c1.004-1.004,2.194-1.507,3.569-1.507h20.308c0.846,0,1.6,0.172,2.261,0.516  s1.177,0.754,1.547,1.229c0.37,0.476,0.714,1.124,1.032,1.944c0.316,0.819,0.528,1.507,0.634,2.062  c0.106,0.556,0.252,1.336,0.437,2.34c0.185,1.005,0.304,1.692,0.357,2.063h95.271c1.375,0,2.563,0.502,3.57,1.507  C959.497,854.741,960,855.931,960,857.306z\" \/>\n\t\t\t\t<\/svg><\/span> <\/span> <\/a><a href=\"https:\/\/cafetoycamellia.es\/en\/product\/cafe-cuba-turquino\/\" aria-describedby=\"woocommerce_loop_add_to_cart_link_describedby_2380\" data-quantity=\"1\" class=\"button product_type_variable add_to_cart_button\" data-product_id=\"2380\" data-product_sku=\"\" aria-label=\"Select options for \u201cCaf\u00e9 Cuba Turquino\u201d\" rel=\"nofollow\" data-no-translation=\"\" data-trp-gettext=\"\" data-no-translation-aria-label=\"\">Select options<\/a>\t<span id=\"woocommerce_loop_add_to_cart_link_describedby_2380\" class=\"screen-reader-text\">\n\t\tThis product has multiple variants. The options may be chosen on the product page\t<\/span>\n<\/li>\n<li class=\"desktop-align-center tablet-align-left mobile-align-left product type-product post-2296 status-publish instock product_cat-cafe-de-especialidad product_cat-cafe-de-origen has-post-thumbnail shipping-taxable purchasable product-type-variable\">\n\t<a href=\"https:\/\/cafetoycamellia.es\/en\/product\/cafe-etiopia\/\" class=\"woocommerce-LoopProduct-link woocommerce-loop-product__link\"><img loading=\"lazy\" decoding=\"async\" width=\"300\" height=\"300\" src=\"https:\/\/cafetoycamellia.es\/wp-content\/uploads\/2024\/06\/CAFE-ORIGEN-AFRICA-ETIOPIA-300x300.png\" class=\"attachment-woocommerce_thumbnail size-woocommerce_thumbnail\" alt=\"Caf\u00e9 Etiop\u00eda\" srcset=\"https:\/\/cafetoycamellia.es\/wp-content\/uploads\/2024\/06\/CAFE-ORIGEN-AFRICA-ETIOPIA-300x300.png 300w, https:\/\/cafetoycamellia.es\/wp-content\/uploads\/2024\/06\/CAFE-ORIGEN-AFRICA-ETIOPIA-1024x1024.png 1024w, https:\/\/cafetoycamellia.es\/wp-content\/uploads\/2024\/06\/CAFE-ORIGEN-AFRICA-ETIOPIA-150x150.png 150w, https:\/\/cafetoycamellia.es\/wp-content\/uploads\/2024\/06\/CAFE-ORIGEN-AFRICA-ETIOPIA-768x768.png 768w, https:\/\/cafetoycamellia.es\/wp-content\/uploads\/2024\/06\/CAFE-ORIGEN-AFRICA-ETIOPIA-12x12.png 12w, https:\/\/cafetoycamellia.es\/wp-content\/uploads\/2024\/06\/CAFE-ORIGEN-AFRICA-ETIOPIA-600x600.png 600w, https:\/\/cafetoycamellia.es\/wp-content\/uploads\/2024\/06\/CAFE-ORIGEN-AFRICA-ETIOPIA-100x100.png 100w, https:\/\/cafetoycamellia.es\/wp-content\/uploads\/2024\/06\/CAFE-ORIGEN-AFRICA-ETIOPIA.png 1080w\" sizes=\"(max-width: 300px) 100vw, 300px\" \/><h2 class=\"woocommerce-loop-product__title\">Caf\u00e9 Etiop\u00eda<\/h2>\n\t<span class=\"price\"><span class=\"woocommerce-Price-amount amount\" aria-hidden=\"true\"><bdi>12,00<span class=\"woocommerce-Price-currencySymbol\">&euro;<\/span><\/bdi><\/span> <span aria-hidden=\"true\">&ndash;<\/span> <span class=\"woocommerce-Price-amount amount\" aria-hidden=\"true\"><bdi>45,60<span class=\"woocommerce-Price-currencySymbol\">&euro;<\/span><\/bdi><\/span><span class=\"screen-reader-text\" data-no-translation=\"\" data-trp-gettext=\"\">Price range: 12,00&euro; through 45,60&euro;<\/span><\/span>\n<\/a><a href=\"https:\/\/cafetoycamellia.es\/en\/product\/cafe-etiopia\/\" data-quantity=\"1\" class=\"ast-on-card-button ast-select-options-trigger product_type_variable add_to_cart_button\" data-product_id=\"2296\" data-product_sku=\"\" aria-label=\"Select options for \u201cCaf\u00e9 Etiop\u00eda\u201d\" rel=\"nofollow\" data-no-translation-aria-label=\"\"> <span class=\"ast-card-action-tooltip\"> Select options <\/span> <span class=\"ahfb-svg-iconset\"> <span class=\"ast-icon icon-cart\"><svg xmlns=\"http:\/\/www.w3.org\/2000\/svg\" xmlns:xlink=\"http:\/\/www.w3.org\/1999\/xlink\" version=\"1.1\" id=\"ast-cart-svg\" x=\"0px\" y=\"0px\" width=\"20px\" height=\"20px\" viewbox=\"826 837.5 140 121\" enable-background=\"new 826 837.5 140 121\" xml:space=\"preserve\">\n\t\t\t\t<path d=\"M878.77,943.611c0,2.75-1.005,5.131-3.015,7.141c-2.009,2.01-4.389,3.014-7.139,3.014c-2.75,0-5.13-1.004-7.139-3.014  c-2.01-2.01-3.015-4.391-3.015-7.141c0-2.749,1.005-5.129,3.015-7.138c2.009-2.011,4.389-3.016,7.139-3.016  c2.75,0,5.13,1.005,7.139,3.016C877.765,938.482,878.77,940.862,878.77,943.611z M949.846,943.611c0,2.75-1.005,5.131-3.015,7.141  s-4.39,3.014-7.141,3.014c-2.748,0-5.129-1.004-7.138-3.014c-2.01-2.01-3.015-4.391-3.015-7.141c0-2.749,1.005-5.129,3.015-7.138  c2.009-2.011,4.39-3.016,7.138-3.016c2.751,0,5.131,1.005,7.141,3.016C948.841,938.482,949.846,940.862,949.846,943.611z   M960,857.306v40.615c0,1.27-0.438,2.393-1.311,3.371s-1.943,1.548-3.212,1.705l-82.815,9.678c0.687,3.174,1.031,5.024,1.031,5.554  c0,0.846-0.635,2.539-1.904,5.076h72.979c1.375,0,2.564,0.503,3.569,1.508c1.006,1.005,1.508,2.194,1.508,3.569  c0,1.376-0.502,2.564-1.508,3.569c-1.005,1.005-2.194,1.507-3.569,1.507H863.54c-1.375,0-2.565-0.502-3.57-1.507  s-1.507-2.193-1.507-3.569c0-0.581,0.212-1.415,0.634-2.498c0.424-1.085,0.847-2.036,1.27-2.855c0.423-0.82,0.992-1.878,1.706-3.174  s1.124-2.076,1.23-2.34l-14.041-65.285h-16.183c-1.375,0-2.564-0.502-3.569-1.507c-1.005-1.005-1.508-2.195-1.508-3.57  c0-1.375,0.502-2.565,1.508-3.57c1.004-1.004,2.194-1.507,3.569-1.507h20.308c0.846,0,1.6,0.172,2.261,0.516  s1.177,0.754,1.547,1.229c0.37,0.476,0.714,1.124,1.032,1.944c0.316,0.819,0.528,1.507,0.634,2.062  c0.106,0.556,0.252,1.336,0.437,2.34c0.185,1.005,0.304,1.692,0.357,2.063h95.271c1.375,0,2.563,0.502,3.57,1.507  C959.497,854.741,960,855.931,960,857.306z\" \/>\n\t\t\t\t<\/svg><\/span> <\/span> <\/a><a href=\"https:\/\/cafetoycamellia.es\/en\/product\/cafe-etiopia\/\" aria-describedby=\"woocommerce_loop_add_to_cart_link_describedby_2296\" data-quantity=\"1\" class=\"button product_type_variable add_to_cart_button\" data-product_id=\"2296\" data-product_sku=\"\" aria-label=\"Select options for \u201cCaf\u00e9 Etiop\u00eda\u201d\" rel=\"nofollow\" data-no-translation=\"\" data-trp-gettext=\"\" data-no-translation-aria-label=\"\">Select options<\/a>\t<span id=\"woocommerce_loop_add_to_cart_link_describedby_2296\" class=\"screen-reader-text\">\n\t\tThis product has multiple variants. The options may be chosen on the product page\t<\/span>\n<\/li>\n<li class=\"desktop-align-center tablet-align-left mobile-align-left product type-product post-2300 status-publish instock product_cat-cafe-de-especialidad product_cat-cafe-de-origen has-post-thumbnail shipping-taxable purchasable product-type-variable\">\n\t<a href=\"https:\/\/cafetoycamellia.es\/en\/product\/cafe-kenia\/\" class=\"woocommerce-LoopProduct-link woocommerce-loop-product__link\"><img loading=\"lazy\" decoding=\"async\" width=\"300\" height=\"300\" src=\"https:\/\/cafetoycamellia.es\/wp-content\/uploads\/2024\/06\/CAFE-ORIGEN-AFRICA-KENIA-300x300.png\" class=\"attachment-woocommerce_thumbnail size-woocommerce_thumbnail\" alt=\"Caf\u00e9 Kenia\" srcset=\"https:\/\/cafetoycamellia.es\/wp-content\/uploads\/2024\/06\/CAFE-ORIGEN-AFRICA-KENIA-300x300.png 300w, https:\/\/cafetoycamellia.es\/wp-content\/uploads\/2024\/06\/CAFE-ORIGEN-AFRICA-KENIA-1024x1024.png 1024w, https:\/\/cafetoycamellia.es\/wp-content\/uploads\/2024\/06\/CAFE-ORIGEN-AFRICA-KENIA-150x150.png 150w, https:\/\/cafetoycamellia.es\/wp-content\/uploads\/2024\/06\/CAFE-ORIGEN-AFRICA-KENIA-768x768.png 768w, https:\/\/cafetoycamellia.es\/wp-content\/uploads\/2024\/06\/CAFE-ORIGEN-AFRICA-KENIA-12x12.png 12w, https:\/\/cafetoycamellia.es\/wp-content\/uploads\/2024\/06\/CAFE-ORIGEN-AFRICA-KENIA-600x600.png 600w, https:\/\/cafetoycamellia.es\/wp-content\/uploads\/2024\/06\/CAFE-ORIGEN-AFRICA-KENIA-100x100.png 100w, https:\/\/cafetoycamellia.es\/wp-content\/uploads\/2024\/06\/CAFE-ORIGEN-AFRICA-KENIA.png 1080w\" sizes=\"(max-width: 300px) 100vw, 300px\" \/><h2 class=\"woocommerce-loop-product__title\">Caf\u00e9 Kenia<\/h2>\n\t<span class=\"price\"><span class=\"woocommerce-Price-amount amount\" aria-hidden=\"true\"><bdi>13,00<span class=\"woocommerce-Price-currencySymbol\">&euro;<\/span><\/bdi><\/span> <span aria-hidden=\"true\">&ndash;<\/span> <span class=\"woocommerce-Price-amount amount\" aria-hidden=\"true\"><bdi>49,40<span class=\"woocommerce-Price-currencySymbol\">&euro;<\/span><\/bdi><\/span><span class=\"screen-reader-text\" data-no-translation=\"\" data-trp-gettext=\"\">Price range: 13,00&euro; through 49,40&euro;<\/span><\/span>\n<\/a><a href=\"https:\/\/cafetoycamellia.es\/en\/product\/cafe-kenia\/\" data-quantity=\"1\" class=\"ast-on-card-button ast-select-options-trigger product_type_variable add_to_cart_button\" data-product_id=\"2300\" data-product_sku=\"\" aria-label=\"Select options for \u201cCaf\u00e9 Kenia\u201d\" rel=\"nofollow\" data-no-translation-aria-label=\"\"> <span class=\"ast-card-action-tooltip\"> Select options <\/span> <span class=\"ahfb-svg-iconset\"> <span class=\"ast-icon icon-cart\"><svg xmlns=\"http:\/\/www.w3.org\/2000\/svg\" xmlns:xlink=\"http:\/\/www.w3.org\/1999\/xlink\" version=\"1.1\" id=\"ast-cart-svg\" x=\"0px\" y=\"0px\" width=\"20px\" height=\"20px\" viewbox=\"826 837.5 140 121\" enable-background=\"new 826 837.5 140 121\" xml:space=\"preserve\">\n\t\t\t\t<path d=\"M878.77,943.611c0,2.75-1.005,5.131-3.015,7.141c-2.009,2.01-4.389,3.014-7.139,3.014c-2.75,0-5.13-1.004-7.139-3.014  c-2.01-2.01-3.015-4.391-3.015-7.141c0-2.749,1.005-5.129,3.015-7.138c2.009-2.011,4.389-3.016,7.139-3.016  c2.75,0,5.13,1.005,7.139,3.016C877.765,938.482,878.77,940.862,878.77,943.611z M949.846,943.611c0,2.75-1.005,5.131-3.015,7.141  s-4.39,3.014-7.141,3.014c-2.748,0-5.129-1.004-7.138-3.014c-2.01-2.01-3.015-4.391-3.015-7.141c0-2.749,1.005-5.129,3.015-7.138  c2.009-2.011,4.39-3.016,7.138-3.016c2.751,0,5.131,1.005,7.141,3.016C948.841,938.482,949.846,940.862,949.846,943.611z   M960,857.306v40.615c0,1.27-0.438,2.393-1.311,3.371s-1.943,1.548-3.212,1.705l-82.815,9.678c0.687,3.174,1.031,5.024,1.031,5.554  c0,0.846-0.635,2.539-1.904,5.076h72.979c1.375,0,2.564,0.503,3.569,1.508c1.006,1.005,1.508,2.194,1.508,3.569  c0,1.376-0.502,2.564-1.508,3.569c-1.005,1.005-2.194,1.507-3.569,1.507H863.54c-1.375,0-2.565-0.502-3.57-1.507  s-1.507-2.193-1.507-3.569c0-0.581,0.212-1.415,0.634-2.498c0.424-1.085,0.847-2.036,1.27-2.855c0.423-0.82,0.992-1.878,1.706-3.174  s1.124-2.076,1.23-2.34l-14.041-65.285h-16.183c-1.375,0-2.564-0.502-3.569-1.507c-1.005-1.005-1.508-2.195-1.508-3.57  c0-1.375,0.502-2.565,1.508-3.57c1.004-1.004,2.194-1.507,3.569-1.507h20.308c0.846,0,1.6,0.172,2.261,0.516  s1.177,0.754,1.547,1.229c0.37,0.476,0.714,1.124,1.032,1.944c0.316,0.819,0.528,1.507,0.634,2.062  c0.106,0.556,0.252,1.336,0.437,2.34c0.185,1.005,0.304,1.692,0.357,2.063h95.271c1.375,0,2.563,0.502,3.57,1.507  C959.497,854.741,960,855.931,960,857.306z\" \/>\n\t\t\t\t<\/svg><\/span> <\/span> <\/a><a href=\"https:\/\/cafetoycamellia.es\/en\/product\/cafe-kenia\/\" aria-describedby=\"woocommerce_loop_add_to_cart_link_describedby_2300\" data-quantity=\"1\" class=\"button product_type_variable add_to_cart_button\" data-product_id=\"2300\" data-product_sku=\"\" aria-label=\"Select options for \u201cCaf\u00e9 Kenia\u201d\" rel=\"nofollow\" data-no-translation=\"\" data-trp-gettext=\"\" data-no-translation-aria-label=\"\">Select options<\/a>\t<span id=\"woocommerce_loop_add_to_cart_link_describedby_2300\" class=\"screen-reader-text\">\n\t\tThis product has multiple variants. The options may be chosen on the product page\t<\/span>\n<\/li>\n<li class=\"desktop-align-center tablet-align-left mobile-align-left product type-product post-6761 status-publish last instock product_cat-cafe-de-especialidad product_cat-cafe-de-origen has-post-thumbnail shipping-taxable purchasable product-type-variable\">\n\t<a href=\"https:\/\/cafetoycamellia.es\/en\/product\/cafe-mexico\/\" class=\"woocommerce-LoopProduct-link woocommerce-loop-product__link\"><img loading=\"lazy\" decoding=\"async\" width=\"300\" height=\"300\" src=\"https:\/\/cafetoycamellia.es\/wp-content\/uploads\/2024\/06\/Cafeto-Camellia-Productos-_-2o-version-15_resultado-300x300.webp\" class=\"attachment-woocommerce_thumbnail size-woocommerce_thumbnail\" alt=\"Caf\u00e9 M\u00e9xico\" srcset=\"https:\/\/cafetoycamellia.es\/wp-content\/uploads\/2024\/06\/Cafeto-Camellia-Productos-_-2o-version-15_resultado-300x300.webp 300w, https:\/\/cafetoycamellia.es\/wp-content\/uploads\/2024\/06\/Cafeto-Camellia-Productos-_-2o-version-15_resultado-1024x1024.webp 1024w, https:\/\/cafetoycamellia.es\/wp-content\/uploads\/2024\/06\/Cafeto-Camellia-Productos-_-2o-version-15_resultado-150x150.webp 150w, https:\/\/cafetoycamellia.es\/wp-content\/uploads\/2024\/06\/Cafeto-Camellia-Productos-_-2o-version-15_resultado-768x768.webp 768w, https:\/\/cafetoycamellia.es\/wp-content\/uploads\/2024\/06\/Cafeto-Camellia-Productos-_-2o-version-15_resultado-12x12.webp 12w, https:\/\/cafetoycamellia.es\/wp-content\/uploads\/2024\/06\/Cafeto-Camellia-Productos-_-2o-version-15_resultado-600x600.webp 600w, https:\/\/cafetoycamellia.es\/wp-content\/uploads\/2024\/06\/Cafeto-Camellia-Productos-_-2o-version-15_resultado-100x100.webp 100w, https:\/\/cafetoycamellia.es\/wp-content\/uploads\/2024\/06\/Cafeto-Camellia-Productos-_-2o-version-15_resultado.webp 1080w\" sizes=\"(max-width: 300px) 100vw, 300px\" \/><h2 class=\"woocommerce-loop-product__title\">Caf\u00e9 M\u00e9xico<\/h2>\n\t<span class=\"price\"><span class=\"woocommerce-Price-amount amount\" aria-hidden=\"true\"><bdi>11,00<span class=\"woocommerce-Price-currencySymbol\">&euro;<\/span><\/bdi><\/span> <span aria-hidden=\"true\">&ndash;<\/span> <span class=\"woocommerce-Price-amount amount\" aria-hidden=\"true\"><bdi>41,80<span class=\"woocommerce-Price-currencySymbol\">&euro;<\/span><\/bdi><\/span><span class=\"screen-reader-text\" data-no-translation=\"\" data-trp-gettext=\"\">Price range: 11,00&euro; through 41,80&euro;<\/span><\/span>\n<\/a><a href=\"https:\/\/cafetoycamellia.es\/en\/product\/cafe-mexico\/\" data-quantity=\"1\" class=\"ast-on-card-button ast-select-options-trigger product_type_variable add_to_cart_button\" data-product_id=\"6761\" data-product_sku=\"\" aria-label=\"Select options for \u201cCaf\u00e9 M\u00e9xico\u201d\" rel=\"nofollow\" data-no-translation-aria-label=\"\"> <span class=\"ast-card-action-tooltip\"> Select options <\/span> <span class=\"ahfb-svg-iconset\"> <span class=\"ast-icon icon-cart\"><svg xmlns=\"http:\/\/www.w3.org\/2000\/svg\" xmlns:xlink=\"http:\/\/www.w3.org\/1999\/xlink\" version=\"1.1\" id=\"ast-cart-svg\" x=\"0px\" y=\"0px\" width=\"20px\" height=\"20px\" viewbox=\"826 837.5 140 121\" enable-background=\"new 826 837.5 140 121\" xml:space=\"preserve\">\n\t\t\t\t<path d=\"M878.77,943.611c0,2.75-1.005,5.131-3.015,7.141c-2.009,2.01-4.389,3.014-7.139,3.014c-2.75,0-5.13-1.004-7.139-3.014  c-2.01-2.01-3.015-4.391-3.015-7.141c0-2.749,1.005-5.129,3.015-7.138c2.009-2.011,4.389-3.016,7.139-3.016  c2.75,0,5.13,1.005,7.139,3.016C877.765,938.482,878.77,940.862,878.77,943.611z M949.846,943.611c0,2.75-1.005,5.131-3.015,7.141  s-4.39,3.014-7.141,3.014c-2.748,0-5.129-1.004-7.138-3.014c-2.01-2.01-3.015-4.391-3.015-7.141c0-2.749,1.005-5.129,3.015-7.138  c2.009-2.011,4.39-3.016,7.138-3.016c2.751,0,5.131,1.005,7.141,3.016C948.841,938.482,949.846,940.862,949.846,943.611z   M960,857.306v40.615c0,1.27-0.438,2.393-1.311,3.371s-1.943,1.548-3.212,1.705l-82.815,9.678c0.687,3.174,1.031,5.024,1.031,5.554  c0,0.846-0.635,2.539-1.904,5.076h72.979c1.375,0,2.564,0.503,3.569,1.508c1.006,1.005,1.508,2.194,1.508,3.569  c0,1.376-0.502,2.564-1.508,3.569c-1.005,1.005-2.194,1.507-3.569,1.507H863.54c-1.375,0-2.565-0.502-3.57-1.507  s-1.507-2.193-1.507-3.569c0-0.581,0.212-1.415,0.634-2.498c0.424-1.085,0.847-2.036,1.27-2.855c0.423-0.82,0.992-1.878,1.706-3.174  s1.124-2.076,1.23-2.34l-14.041-65.285h-16.183c-1.375,0-2.564-0.502-3.569-1.507c-1.005-1.005-1.508-2.195-1.508-3.57  c0-1.375,0.502-2.565,1.508-3.57c1.004-1.004,2.194-1.507,3.569-1.507h20.308c0.846,0,1.6,0.172,2.261,0.516  s1.177,0.754,1.547,1.229c0.37,0.476,0.714,1.124,1.032,1.944c0.316,0.819,0.528,1.507,0.634,2.062  c0.106,0.556,0.252,1.336,0.437,2.34c0.185,1.005,0.304,1.692,0.357,2.063h95.271c1.375,0,2.563,0.502,3.57,1.507  C959.497,854.741,960,855.931,960,857.306z\" \/>\n\t\t\t\t<\/svg><\/span> <\/span> <\/a><a href=\"https:\/\/cafetoycamellia.es\/en\/product\/cafe-mexico\/\" aria-describedby=\"woocommerce_loop_add_to_cart_link_describedby_6761\" data-quantity=\"1\" class=\"button product_type_variable add_to_cart_button\" data-product_id=\"6761\" data-product_sku=\"\" aria-label=\"Select options for \u201cCaf\u00e9 M\u00e9xico\u201d\" rel=\"nofollow\" data-no-translation=\"\" data-trp-gettext=\"\" data-no-translation-aria-label=\"\">Select options<\/a>\t<span id=\"woocommerce_loop_add_to_cart_link_describedby_6761\" class=\"screen-reader-text\">\n\t\tThis product has multiple variants. The options may be chosen on the product page\t<\/span>\n<\/li>\n<li class=\"desktop-align-center tablet-align-left mobile-align-left product type-product post-5522 status-publish first instock product_cat-cafe-de-especialidad product_cat-cafe-de-origen has-post-thumbnail shipping-taxable purchasable product-type-variable\">\n\t<a href=\"https:\/\/cafetoycamellia.es\/en\/product\/cafe-peru\/\" class=\"woocommerce-LoopProduct-link woocommerce-loop-product__link\"><img loading=\"lazy\" decoding=\"async\" width=\"300\" height=\"300\" src=\"https:\/\/cafetoycamellia.es\/wp-content\/uploads\/2024\/12\/CAFE-ORIGEN-PERU-VILLA-RICA-_1_-300x300.webp\" class=\"attachment-woocommerce_thumbnail size-woocommerce_thumbnail\" alt=\"Caf\u00e9 Per\u00fa\" srcset=\"https:\/\/cafetoycamellia.es\/wp-content\/uploads\/2024\/12\/CAFE-ORIGEN-PERU-VILLA-RICA-_1_-300x300.webp 300w, https:\/\/cafetoycamellia.es\/wp-content\/uploads\/2024\/12\/CAFE-ORIGEN-PERU-VILLA-RICA-_1_-1024x1024.webp 1024w, https:\/\/cafetoycamellia.es\/wp-content\/uploads\/2024\/12\/CAFE-ORIGEN-PERU-VILLA-RICA-_1_-150x150.webp 150w, https:\/\/cafetoycamellia.es\/wp-content\/uploads\/2024\/12\/CAFE-ORIGEN-PERU-VILLA-RICA-_1_-768x768.webp 768w, https:\/\/cafetoycamellia.es\/wp-content\/uploads\/2024\/12\/CAFE-ORIGEN-PERU-VILLA-RICA-_1_-12x12.webp 12w, https:\/\/cafetoycamellia.es\/wp-content\/uploads\/2024\/12\/CAFE-ORIGEN-PERU-VILLA-RICA-_1_-600x600.webp 600w, https:\/\/cafetoycamellia.es\/wp-content\/uploads\/2024\/12\/CAFE-ORIGEN-PERU-VILLA-RICA-_1_-100x100.webp 100w, https:\/\/cafetoycamellia.es\/wp-content\/uploads\/2024\/12\/CAFE-ORIGEN-PERU-VILLA-RICA-_1_.webp 1080w\" sizes=\"(max-width: 300px) 100vw, 300px\" \/><h2 class=\"woocommerce-loop-product__title\">Caf\u00e9 Per\u00fa<\/h2>\n\t<span class=\"price\"><span class=\"woocommerce-Price-amount amount\" aria-hidden=\"true\"><bdi>12,00<span class=\"woocommerce-Price-currencySymbol\">&euro;<\/span><\/bdi><\/span> <span aria-hidden=\"true\">&ndash;<\/span> <span class=\"woocommerce-Price-amount amount\" aria-hidden=\"true\"><bdi>45,60<span class=\"woocommerce-Price-currencySymbol\">&euro;<\/span><\/bdi><\/span><span class=\"screen-reader-text\" data-no-translation=\"\" data-trp-gettext=\"\">Price range: 12,00&euro; through 45,60&euro;<\/span><\/span>\n<\/a><a href=\"https:\/\/cafetoycamellia.es\/en\/product\/cafe-peru\/\" data-quantity=\"1\" class=\"ast-on-card-button ast-select-options-trigger product_type_variable add_to_cart_button\" data-product_id=\"5522\" data-product_sku=\"\" aria-label=\"Select options for \u201cCaf\u00e9 Per\u00fa\u201d\" rel=\"nofollow\" data-no-translation-aria-label=\"\"> <span class=\"ast-card-action-tooltip\"> Select options <\/span> <span class=\"ahfb-svg-iconset\"> <span class=\"ast-icon icon-cart\"><svg xmlns=\"http:\/\/www.w3.org\/2000\/svg\" xmlns:xlink=\"http:\/\/www.w3.org\/1999\/xlink\" version=\"1.1\" id=\"ast-cart-svg\" x=\"0px\" y=\"0px\" width=\"20px\" height=\"20px\" viewbox=\"826 837.5 140 121\" enable-background=\"new 826 837.5 140 121\" xml:space=\"preserve\">\n\t\t\t\t<path d=\"M878.77,943.611c0,2.75-1.005,5.131-3.015,7.141c-2.009,2.01-4.389,3.014-7.139,3.014c-2.75,0-5.13-1.004-7.139-3.014  c-2.01-2.01-3.015-4.391-3.015-7.141c0-2.749,1.005-5.129,3.015-7.138c2.009-2.011,4.389-3.016,7.139-3.016  c2.75,0,5.13,1.005,7.139,3.016C877.765,938.482,878.77,940.862,878.77,943.611z M949.846,943.611c0,2.75-1.005,5.131-3.015,7.141  s-4.39,3.014-7.141,3.014c-2.748,0-5.129-1.004-7.138-3.014c-2.01-2.01-3.015-4.391-3.015-7.141c0-2.749,1.005-5.129,3.015-7.138  c2.009-2.011,4.39-3.016,7.138-3.016c2.751,0,5.131,1.005,7.141,3.016C948.841,938.482,949.846,940.862,949.846,943.611z   M960,857.306v40.615c0,1.27-0.438,2.393-1.311,3.371s-1.943,1.548-3.212,1.705l-82.815,9.678c0.687,3.174,1.031,5.024,1.031,5.554  c0,0.846-0.635,2.539-1.904,5.076h72.979c1.375,0,2.564,0.503,3.569,1.508c1.006,1.005,1.508,2.194,1.508,3.569  c0,1.376-0.502,2.564-1.508,3.569c-1.005,1.005-2.194,1.507-3.569,1.507H863.54c-1.375,0-2.565-0.502-3.57-1.507  s-1.507-2.193-1.507-3.569c0-0.581,0.212-1.415,0.634-2.498c0.424-1.085,0.847-2.036,1.27-2.855c0.423-0.82,0.992-1.878,1.706-3.174  s1.124-2.076,1.23-2.34l-14.041-65.285h-16.183c-1.375,0-2.564-0.502-3.569-1.507c-1.005-1.005-1.508-2.195-1.508-3.57  c0-1.375,0.502-2.565,1.508-3.57c1.004-1.004,2.194-1.507,3.569-1.507h20.308c0.846,0,1.6,0.172,2.261,0.516  s1.177,0.754,1.547,1.229c0.37,0.476,0.714,1.124,1.032,1.944c0.316,0.819,0.528,1.507,0.634,2.062  c0.106,0.556,0.252,1.336,0.437,2.34c0.185,1.005,0.304,1.692,0.357,2.063h95.271c1.375,0,2.563,0.502,3.57,1.507  C959.497,854.741,960,855.931,960,857.306z\" \/>\n\t\t\t\t<\/svg><\/span> <\/span> <\/a><a href=\"https:\/\/cafetoycamellia.es\/en\/product\/cafe-peru\/\" aria-describedby=\"woocommerce_loop_add_to_cart_link_describedby_5522\" data-quantity=\"1\" class=\"button product_type_variable add_to_cart_button\" data-product_id=\"5522\" data-product_sku=\"\" aria-label=\"Select options for \u201cCaf\u00e9 Per\u00fa\u201d\" rel=\"nofollow\" data-no-translation=\"\" data-trp-gettext=\"\" data-no-translation-aria-label=\"\">Select options<\/a>\t<span id=\"woocommerce_loop_add_to_cart_link_describedby_5522\" class=\"screen-reader-text\">\n\t\tThis product has multiple variants. The options may be chosen on the product page\t<\/span>\n<\/li>\n<li class=\"desktop-align-center tablet-align-left mobile-align-left product type-product post-7093 status-publish instock product_cat-cafe-de-especialidad product_cat-cafe-de-origen has-post-thumbnail featured shipping-taxable purchasable product-type-variable\">\n\t<a href=\"https:\/\/cafetoycamellia.es\/en\/product\/cafe-ruanda-kivu-liza\/\" class=\"woocommerce-LoopProduct-link woocommerce-loop-product__link\"><img loading=\"lazy\" decoding=\"async\" width=\"300\" height=\"300\" src=\"https:\/\/cafetoycamellia.es\/wp-content\/uploads\/2025\/08\/CAFE-ORIGEN-AFRICA-RUANDA-KIVU-LIZA-NUEVO-300x300.png\" class=\"attachment-woocommerce_thumbnail size-woocommerce_thumbnail\" alt=\"Caf\u00e9 Ruanda Kivu Liza\" srcset=\"https:\/\/cafetoycamellia.es\/wp-content\/uploads\/2025\/08\/CAFE-ORIGEN-AFRICA-RUANDA-KIVU-LIZA-NUEVO-300x300.png 300w, https:\/\/cafetoycamellia.es\/wp-content\/uploads\/2025\/08\/CAFE-ORIGEN-AFRICA-RUANDA-KIVU-LIZA-NUEVO-1024x1024.png 1024w, https:\/\/cafetoycamellia.es\/wp-content\/uploads\/2025\/08\/CAFE-ORIGEN-AFRICA-RUANDA-KIVU-LIZA-NUEVO-150x150.png 150w, https:\/\/cafetoycamellia.es\/wp-content\/uploads\/2025\/08\/CAFE-ORIGEN-AFRICA-RUANDA-KIVU-LIZA-NUEVO-768x768.png 768w, https:\/\/cafetoycamellia.es\/wp-content\/uploads\/2025\/08\/CAFE-ORIGEN-AFRICA-RUANDA-KIVU-LIZA-NUEVO-12x12.png 12w, https:\/\/cafetoycamellia.es\/wp-content\/uploads\/2025\/08\/CAFE-ORIGEN-AFRICA-RUANDA-KIVU-LIZA-NUEVO-600x600.png 600w, https:\/\/cafetoycamellia.es\/wp-content\/uploads\/2025\/08\/CAFE-ORIGEN-AFRICA-RUANDA-KIVU-LIZA-NUEVO-100x100.png 100w, https:\/\/cafetoycamellia.es\/wp-content\/uploads\/2025\/08\/CAFE-ORIGEN-AFRICA-RUANDA-KIVU-LIZA-NUEVO.png 1080w\" sizes=\"(max-width: 300px) 100vw, 300px\" \/><h2 class=\"woocommerce-loop-product__title\">Caf\u00e9 Ruanda Kivu Liza<\/h2>\n\t<span class=\"price\"><span class=\"woocommerce-Price-amount amount\" aria-hidden=\"true\"><bdi>14,00<span class=\"woocommerce-Price-currencySymbol\">&euro;<\/span><\/bdi><\/span> <span aria-hidden=\"true\">&ndash;<\/span> <span class=\"woocommerce-Price-amount amount\" aria-hidden=\"true\"><bdi>53,20<span class=\"woocommerce-Price-currencySymbol\">&euro;<\/span><\/bdi><\/span><span class=\"screen-reader-text\" data-no-translation=\"\" data-trp-gettext=\"\">Price range: 14,00&euro; through 53,20&euro;<\/span><\/span>\n<\/a><a href=\"https:\/\/cafetoycamellia.es\/en\/product\/cafe-ruanda-kivu-liza\/\" data-quantity=\"1\" class=\"ast-on-card-button ast-select-options-trigger product_type_variable add_to_cart_button\" data-product_id=\"7093\" data-product_sku=\"\" aria-label=\"Select options for \u201cCaf\u00e9 Ruanda Kivu Liza\u201d\" rel=\"nofollow\" data-no-translation-aria-label=\"\"> <span class=\"ast-card-action-tooltip\"> Select options <\/span> <span class=\"ahfb-svg-iconset\"> <span class=\"ast-icon icon-cart\"><svg xmlns=\"http:\/\/www.w3.org\/2000\/svg\" xmlns:xlink=\"http:\/\/www.w3.org\/1999\/xlink\" version=\"1.1\" id=\"ast-cart-svg\" x=\"0px\" y=\"0px\" width=\"20px\" height=\"20px\" viewbox=\"826 837.5 140 121\" enable-background=\"new 826 837.5 140 121\" xml:space=\"preserve\">\n\t\t\t\t<path d=\"M878.77,943.611c0,2.75-1.005,5.131-3.015,7.141c-2.009,2.01-4.389,3.014-7.139,3.014c-2.75,0-5.13-1.004-7.139-3.014  c-2.01-2.01-3.015-4.391-3.015-7.141c0-2.749,1.005-5.129,3.015-7.138c2.009-2.011,4.389-3.016,7.139-3.016  c2.75,0,5.13,1.005,7.139,3.016C877.765,938.482,878.77,940.862,878.77,943.611z M949.846,943.611c0,2.75-1.005,5.131-3.015,7.141  s-4.39,3.014-7.141,3.014c-2.748,0-5.129-1.004-7.138-3.014c-2.01-2.01-3.015-4.391-3.015-7.141c0-2.749,1.005-5.129,3.015-7.138  c2.009-2.011,4.39-3.016,7.138-3.016c2.751,0,5.131,1.005,7.141,3.016C948.841,938.482,949.846,940.862,949.846,943.611z   M960,857.306v40.615c0,1.27-0.438,2.393-1.311,3.371s-1.943,1.548-3.212,1.705l-82.815,9.678c0.687,3.174,1.031,5.024,1.031,5.554  c0,0.846-0.635,2.539-1.904,5.076h72.979c1.375,0,2.564,0.503,3.569,1.508c1.006,1.005,1.508,2.194,1.508,3.569  c0,1.376-0.502,2.564-1.508,3.569c-1.005,1.005-2.194,1.507-3.569,1.507H863.54c-1.375,0-2.565-0.502-3.57-1.507  s-1.507-2.193-1.507-3.569c0-0.581,0.212-1.415,0.634-2.498c0.424-1.085,0.847-2.036,1.27-2.855c0.423-0.82,0.992-1.878,1.706-3.174  s1.124-2.076,1.23-2.34l-14.041-65.285h-16.183c-1.375,0-2.564-0.502-3.569-1.507c-1.005-1.005-1.508-2.195-1.508-3.57  c0-1.375,0.502-2.565,1.508-3.57c1.004-1.004,2.194-1.507,3.569-1.507h20.308c0.846,0,1.6,0.172,2.261,0.516  s1.177,0.754,1.547,1.229c0.37,0.476,0.714,1.124,1.032,1.944c0.316,0.819,0.528,1.507,0.634,2.062  c0.106,0.556,0.252,1.336,0.437,2.34c0.185,1.005,0.304,1.692,0.357,2.063h95.271c1.375,0,2.563,0.502,3.57,1.507  C959.497,854.741,960,855.931,960,857.306z\" \/>\n\t\t\t\t<\/svg><\/span> <\/span> <\/a><a href=\"https:\/\/cafetoycamellia.es\/en\/product\/cafe-ruanda-kivu-liza\/\" aria-describedby=\"woocommerce_loop_add_to_cart_link_describedby_7093\" data-quantity=\"1\" class=\"button product_type_variable add_to_cart_button\" data-product_id=\"7093\" data-product_sku=\"\" aria-label=\"Select options for \u201cCaf\u00e9 Ruanda Kivu Liza\u201d\" rel=\"nofollow\" data-no-translation=\"\" data-trp-gettext=\"\" data-no-translation-aria-label=\"\">Select options<\/a>\t<span id=\"woocommerce_loop_add_to_cart_link_describedby_7093\" class=\"screen-reader-text\">\n\t\tThis product has multiple variants. The options may be chosen on the product page\t<\/span>\n<\/li>\n<\/ul>\n<\/div>\t\t\t\t<\/div>\n\t\t\t\t<\/div>\n\t\t\t\t<\/div>\n\t\t<div class=\"elementor-element elementor-element-7bbc1c13 e-con-full e-flex e-con e-parent\" data-id=\"7bbc1c13\" data-element_type=\"container\" data-e-type=\"container\" data-settings=\"{&quot;background_background&quot;:&quot;classic&quot;}\">\n\t\t<div class=\"elementor-element elementor-element-477585a5 e-con-full e-flex e-con e-child\" data-id=\"477585a5\" data-element_type=\"container\" data-e-type=\"container\">\n\t\t\t\t<div class=\"elementor-element elementor-element-19349d92 elementor-widget__width-inherit elementor-widget-divider--view-line elementor-invisible elementor-widget elementor-widget-divider\" data-id=\"19349d92\" data-element_type=\"widget\" data-e-type=\"widget\" data-settings=\"{&quot;_animation&quot;:&quot;fadeInLeft&quot;}\" data-widget_type=\"divider.default\">\n\t\t\t\t<div class=\"elementor-widget-container\">\n\t\t\t\t\t\t\t<div class=\"elementor-divider\">\n\t\t\t<span class=\"elementor-divider-separator\">\n\t\t\t\t\t\t<\/span>\n\t\t<\/div>\n\t\t\t\t\t\t<\/div>\n\t\t\t\t<\/div>\n\t\t\t\t<div class=\"elementor-element elementor-element-737a1865 elementor-widget__width-initial elementor-widget-tablet__width-inherit elementor-widget elementor-widget-heading\" data-id=\"737a1865\" data-element_type=\"widget\" data-e-type=\"widget\" data-widget_type=\"heading.default\">\n\t\t\t\t<div class=\"elementor-widget-container\">\n\t\t\t\t\t<h2 class=\"elementor-heading-title elementor-size-default\">\u00bfQu\u00e9 es el Caf\u00e9 de Especialidad?<\/h2>\t\t\t\t<\/div>\n\t\t\t\t<\/div>\n\t\t\t\t<div class=\"elementor-element elementor-element-6ecee4bd elementor-widget__width-initial elementor-widget-tablet__width-inherit elementor-widget elementor-widget-text-editor\" data-id=\"6ecee4bd\" data-element_type=\"widget\" data-e-type=\"widget\" data-widget_type=\"text-editor.default\">\n\t\t\t\t<div class=\"elementor-widget-container\">\n\t\t\t\t\t\t\t\t\t<p style=\"text-align: left;\"><span style=\"font-weight: 400;\">El caf\u00e9 de especialidad se distingue por su calidad superior, cultivado en altitudes elevadas y evaluado por expertos catadores para garantizar sabores \u00fanicos. <strong>Nuestro caf\u00e9 100% ar\u00e1bica se selecciona cuidadosamente de las mejores fincas del mundo<\/strong>, asegurando trazabilidad y sostenibilidad en cada grano.<\/span><\/p><p><span style=\"font-weight: 400;\">Cada taza cuenta una historia, desde su origen hasta el proceso artesanal de tueste en peque\u00f1os lotes que resalta los matices m\u00e1s complejos y exquisitos.<\/span><\/p>\t\t\t\t\t\t\t\t<\/div>\n\t\t\t\t<\/div>\n\t\t\t\t<\/div>\n\t\t\t\t<div class=\"elementor-element elementor-element-431e06ea elementor-widget__width-initial elementor-invisible elementor-widget elementor-widget-image\" data-id=\"431e06ea\" data-element_type=\"widget\" data-e-type=\"widget\" data-settings=\"{&quot;_animation&quot;:&quot;fadeInUp&quot;}\" data-widget_type=\"image.default\">\n\t\t\t\t<div class=\"elementor-widget-container\">\n\t\t\t\t\t\t\t\t\t\t\t\t\t\t\t<img decoding=\"async\" src=\"https:\/\/cafetoycamellia.es\/wp-content\/uploads\/2024\/10\/Que-es-el-Cafe-Descafeinado-scaled.jpg\" title=\"\" alt=\"Caf\u00e9 de Especialidad\" loading=\"lazy\" \/>\t\t\t\t\t\t\t\t\t\t\t\t\t\t\t<\/div>\n\t\t\t\t<\/div>\n\t\t\t\t<\/div>\n\t\t<div class=\"elementor-element elementor-element-4935c581 e-flex e-con-boxed e-con e-parent\" data-id=\"4935c581\" data-element_type=\"container\" data-e-type=\"container\" data-settings=\"{&quot;background_background&quot;:&quot;classic&quot;}\">\n\t\t\t\t\t<div class=\"e-con-inner\">\n\t\t<div class=\"elementor-element elementor-element-4ff4329c e-con-full e-flex e-con e-child\" data-id=\"4ff4329c\" data-element_type=\"container\" data-e-type=\"container\">\n\t\t\t\t<div class=\"elementor-element elementor-element-29ff99e8 elementor-widget-divider--view-line elementor-invisible elementor-widget elementor-widget-divider\" data-id=\"29ff99e8\" data-element_type=\"widget\" data-e-type=\"widget\" data-settings=\"{&quot;_animation&quot;:&quot;fadeInLeft&quot;}\" data-widget_type=\"divider.default\">\n\t\t\t\t<div class=\"elementor-widget-container\">\n\t\t\t\t\t\t\t<div class=\"elementor-divider\">\n\t\t\t<span class=\"elementor-divider-separator\">\n\t\t\t\t\t\t<\/span>\n\t\t<\/div>\n\t\t\t\t\t\t<\/div>\n\t\t\t\t<\/div>\n\t\t\t\t<div class=\"elementor-element elementor-element-7d10f302 elementor-widget-tablet__width-inherit elementor-widget elementor-widget-heading\" data-id=\"7d10f302\" data-element_type=\"widget\" data-e-type=\"widget\" data-widget_type=\"heading.default\">\n\t\t\t\t<div class=\"elementor-widget-container\">\n\t\t\t\t\t<h2 class=\"elementor-heading-title elementor-size-default\">Propiedades y Beneficios del Caf\u00e9 de Especialidad<\/h2>\t\t\t\t<\/div>\n\t\t\t\t<\/div>\n\t\t\t\t<div class=\"elementor-element elementor-element-710d378b elementor-widget elementor-widget-icon-box\" data-id=\"710d378b\" data-element_type=\"widget\" data-e-type=\"widget\" data-widget_type=\"icon-box.default\">\n\t\t\t\t<div class=\"elementor-widget-container\">\n\t\t\t\t\t\t\t<div class=\"elementor-icon-box-wrapper\">\n\n\t\t\t\n\t\t\t\t\t\t<div class=\"elementor-icon-box-content\">\n\n\t\t\t\t\n\t\t\t\t\t\t\t\t\t<p class=\"elementor-icon-box-description\">\n\t\t\t\t\t\tEl caf\u00e9 no solo es delicioso, tambi\u00e9n ofrece m\u00faltiples beneficios:<br><br>\n\nFuente de Antioxidantes: Ayuda a combatir el estr\u00e9s oxidativo y favorece el bienestar general.<br><br>\n\nEnerg\u00eda Instant\u00e1nea: Su contenido de cafe\u00edna proporciona un est\u00edmulo r\u00e1pido y duradero.<br><br>\n\nFomenta la Concentraci\u00f3n: Mejora la alerta mental y la memoria a corto plazo.<br><br>\n\nRitual de Bienestar: M\u00e1s all\u00e1 de la bebida, el acto de preparar y disfrutar caf\u00e9 es un momento de conexi\u00f3n personal y social.<br>\t\t\t\t\t<\/p>\n\t\t\t\t\n\t\t\t<\/div>\n\t\t\t\n\t\t<\/div>\n\t\t\t\t\t\t<\/div>\n\t\t\t\t<\/div>\n\t\t\t\t<\/div>\n\t\t<div class=\"elementor-element elementor-element-a6af877 e-con-full e-flex e-con e-child\" data-id=\"a6af877\" data-element_type=\"container\" data-e-type=\"container\">\n\t\t\t\t<div class=\"elementor-element elementor-element-16569b12 elementor-widget-mobile__width-initial elementor-widget__width-initial elementor-widget-tablet__width-initial elementor-invisible elementor-widget elementor-widget-image\" data-id=\"16569b12\" data-element_type=\"widget\" data-e-type=\"widget\" data-settings=\"{&quot;_animation&quot;:&quot;fadeInDown&quot;}\" data-widget_type=\"image.default\">\n\t\t\t\t<div class=\"elementor-widget-container\">\n\t\t\t\t\t\t\t\t\t\t\t\t\t\t\t<img decoding=\"async\" src=\"https:\/\/cafetoycamellia.es\/wp-content\/uploads\/elementor\/thumbs\/CAFETO-Y-CAMELLIA_Mesa-de-trabajo-1-copia-3-rbhq6xln67t771s41sjhljxagkqroybijh15opmj2o.jpg\" title=\"CAFETO Y CAMELLIA_Mesa de trabajo 1 copia 3\" alt=\"Caf\u00e9 de especialidad\" loading=\"lazy\" \/>\t\t\t\t\t\t\t\t\t\t\t\t\t\t\t<\/div>\n\t\t\t\t<\/div>\n\t\t\t\t<div class=\"elementor-element elementor-element-78c42a9e elementor-widget-mobile__width-initial elementor-widget__width-initial elementor-widget-tablet__width-initial elementor-invisible elementor-widget elementor-widget-image\" data-id=\"78c42a9e\" data-element_type=\"widget\" data-e-type=\"widget\" data-settings=\"{&quot;_animation&quot;:&quot;fadeInRight&quot;}\" data-widget_type=\"image.default\">\n\t\t\t\t<div class=\"elementor-widget-container\">\n\t\t\t\t\t\t\t\t\t\t\t\t\t\t\t<img decoding=\"async\" src=\"https:\/\/cafetoycamellia.es\/wp-content\/uploads\/elementor\/thumbs\/Beneficios-del-Cafe-Descafeinado-2-Photo-by-Pixabay-httpswww.pexels.comphotocup-of-coffee-on-saucer-414630-scaled-qw52wmstk2iwx293yaziurw8wwq6hjoc0mkrwnfimo.jpg\" title=\"Beneficios del Caf\u00e9 Descafeinado 2 (Photo by Pixabay httpswww.pexels.comphotocup-of-coffee-on-saucer-414630)\" alt=\"Beneficios del Caf\u00e9 Descafeinado 2\" loading=\"lazy\" \/>\t\t\t\t\t\t\t\t\t\t\t\t\t\t\t<\/div>\n\t\t\t\t<\/div>\n\t\t\t\t<div class=\"elementor-element elementor-element-7fc8ab3f elementor-widget-mobile__width-initial elementor-widget__width-initial elementor-widget-tablet__width-initial elementor-invisible elementor-widget elementor-widget-image\" data-id=\"7fc8ab3f\" data-element_type=\"widget\" data-e-type=\"widget\" data-settings=\"{&quot;_animation&quot;:&quot;fadeInUp&quot;}\" data-widget_type=\"image.default\">\n\t\t\t\t<div class=\"elementor-widget-container\">\n\t\t\t\t\t\t\t\t\t\t\t\t\t\t\t<img decoding=\"async\" src=\"https:\/\/cafetoycamellia.es\/wp-content\/uploads\/elementor\/thumbs\/CAFETO-Y-CAMELLIA_Mesa-de-trabajo-1-copia-rbhq6us4lppc87w7i9blw2mwof4o1v0bj32p8vqplc.jpg\" title=\"CAFETO Y CAMELLIA_Mesa de trabajo 1 copia\" alt=\"Caf\u00e9 de Especialidad 2\" loading=\"lazy\" \/>\t\t\t\t\t\t\t\t\t\t\t\t\t\t\t<\/div>\n\t\t\t\t<\/div>\n\t\t\t\t<div class=\"elementor-element elementor-element-46865b49 elementor-widget-mobile__width-initial elementor-widget__width-initial elementor-widget-tablet__width-initial elementor-invisible elementor-widget elementor-widget-image\" data-id=\"46865b49\" data-element_type=\"widget\" data-e-type=\"widget\" data-settings=\"{&quot;_animation&quot;:&quot;fadeInRight&quot;,&quot;_animation_delay&quot;:&quot;200&quot;}\" data-widget_type=\"image.default\">\n\t\t\t\t<div class=\"elementor-widget-container\">\n\t\t\t\t\t\t\t\t\t\t\t\t\t\t\t<img decoding=\"async\" src=\"https:\/\/cafetoycamellia.es\/wp-content\/uploads\/elementor\/thumbs\/CAFETO-Y-CAMELLIA_Mesa-de-trabajo-1-rbhq6rym17lh9e0ayq3q6lciw9ikerp4ip48t1uw40.jpg\" title=\"CAFETO Y CAMELLIA_Mesa de trabajo 1\" alt=\"Caf\u00e9 de especialidad 3\" loading=\"lazy\" \/>\t\t\t\t\t\t\t\t\t\t\t\t\t\t\t<\/div>\n\t\t\t\t<\/div>\n\t\t\t\t<\/div>\n\t\t\t\t\t<\/div>\n\t\t\t\t<\/div>\n\t\t<div class=\"elementor-element elementor-element-3a76fd74 e-con-full e-flex e-con e-parent\" data-id=\"3a76fd74\" data-element_type=\"container\" data-e-type=\"container\" data-settings=\"{&quot;background_background&quot;:&quot;classic&quot;}\">\n\t\t<div class=\"elementor-element elementor-element-654b0468 e-con-full e-flex e-con e-child\" data-id=\"654b0468\" data-element_type=\"container\" data-e-type=\"container\">\n\t\t\t\t<div class=\"elementor-element elementor-element-5119ab68 elementor-widget elementor-widget-heading\" data-id=\"5119ab68\" data-element_type=\"widget\" data-e-type=\"widget\" data-widget_type=\"heading.default\">\n\t\t\t\t<div class=\"elementor-widget-container\">\n\t\t\t\t\t<h2 class=\"elementor-heading-title elementor-size-default\">\u00bfC\u00f3mo Preparar una Taza Perfecta de Caf\u00e9?<\/h2>\t\t\t\t<\/div>\n\t\t\t\t<\/div>\n\t\t\t\t<div class=\"elementor-element elementor-element-769b16fa elementor-widget elementor-widget-heading\" data-id=\"769b16fa\" data-element_type=\"widget\" data-e-type=\"widget\" data-widget_type=\"heading.default\">\n\t\t\t\t<div class=\"elementor-widget-container\">\n\t\t\t\t\t<h3 class=\"elementor-heading-title elementor-size-default\">Sigue estos pasos para disfrutar del mejor caf\u00e9:\n\n<\/h3>\t\t\t\t<\/div>\n\t\t\t\t<\/div>\n\t\t\t\t<div class=\"elementor-element elementor-element-39513a30 elementor-widget elementor-widget-text-editor\" data-id=\"39513a30\" data-element_type=\"widget\" data-e-type=\"widget\" data-widget_type=\"text-editor.default\">\n\t\t\t\t<div class=\"elementor-widget-container\">\n\t\t\t\t\t\t\t\t\t<ol><li style=\"list-style-type: none;\"><ol><li style=\"font-weight: 400;\" aria-level=\"1\"><span style=\"font-weight: 400;\"><strong>Muele los granos<\/strong> justo antes de preparar para maximizar los aromas.<\/span><\/li><li style=\"font-weight: 400;\" aria-level=\"1\"><span style=\"font-weight: 400;\"><strong>Usa agua filtrada<\/strong> a una temperatura de 90-96\u00b0C.<\/span><\/li><li style=\"font-weight: 400;\" aria-level=\"1\"><span style=\"font-weight: 400;\"><strong>Calcula una proporci\u00f3n<\/strong> de 1 gramo de caf\u00e9 por cada 15-18 gramos de agua.<\/span><\/li><li style=\"font-weight: 400;\" aria-level=\"1\"><span style=\"font-weight: 400;\"><strong>Ajusta el m\u00e9todo de preparaci\u00f3n seg\u00fan tus preferencias<\/strong>: prensa francesa, filtro o espresso.<\/span><\/li><\/ol><\/li><\/ol>\t\t\t\t\t\t\t\t<\/div>\n\t\t\t\t<\/div>\n\t\t\t\t<div class=\"elementor-element elementor-element-17898c18 elementor-widget elementor-widget-image\" data-id=\"17898c18\" data-element_type=\"widget\" data-e-type=\"widget\" data-widget_type=\"image.default\">\n\t\t\t\t<div class=\"elementor-widget-container\">\n\t\t\t\t\t\t\t\t\t\t\t\t\t\t\t<img decoding=\"async\" src=\"https:\/\/cafetoycamellia.es\/wp-content\/uploads\/elementor\/thumbs\/Cafe-Descafeinado-Perfecto-Photo-by-Porapak-Apichodilok-httpswww.pexels.comphotowoman-holding-mug-of-cappuccino-373639-scaled-qw58zxj7wdzof3f7ur7de3sd64zr2iflo440n25pr4.jpg\" title=\"Caf\u00e9 Descafeinado Perfecto (Photo by Porapak Apichodilok httpswww.pexels.comphotowoman-holding-mug-of-cappuccino-373639)\" alt=\"Caf\u00e9 Descafeinado Perfecto\" loading=\"lazy\" \/>\t\t\t\t\t\t\t\t\t\t\t\t\t\t\t<\/div>\n\t\t\t\t<\/div>\n\t\t\t\t<\/div>\n\t\t<div class=\"elementor-element elementor-element-7ca07726 e-con-full e-flex e-con e-child\" data-id=\"7ca07726\" data-element_type=\"container\" data-e-type=\"container\" data-settings=\"{&quot;background_background&quot;:&quot;classic&quot;}\">\n\t\t\t\t<\/div>\n\t\t\t\t<\/div>\n\t\t<div class=\"elementor-element elementor-element-59f2950 e-con-full e-flex e-con e-parent\" data-id=\"59f2950\" data-element_type=\"container\" data-e-type=\"container\" data-settings=\"{&quot;background_background&quot;:&quot;classic&quot;}\">\n\t\t\t\t<div class=\"elementor-element elementor-element-5b6cb5b elementor-invisible elementor-widget elementor-widget-heading\" data-id=\"5b6cb5b\" data-element_type=\"widget\" data-e-type=\"widget\" data-settings=\"{&quot;_animation&quot;:&quot;fadeIn&quot;}\" data-widget_type=\"heading.default\">\n\t\t\t\t<div class=\"elementor-widget-container\">\n\t\t\t\t\t<h2 class=\"elementor-heading-title elementor-size-default\">Preguntas M\u00e1s Frecuentes<\/h2>\t\t\t\t<\/div>\n\t\t\t\t<\/div>\n\t\t<div class=\"elementor-element elementor-element-8cb8871 e-con-full e-flex e-con e-child\" data-id=\"8cb8871\" data-element_type=\"container\" data-e-type=\"container\">\n\t\t\t\t<div class=\"elementor-element elementor-element-fd4e6a5 elementor-widget__width-inherit elementor-widget elementor-widget-toggle\" data-id=\"fd4e6a5\" data-element_type=\"widget\" data-e-type=\"widget\" data-widget_type=\"toggle.default\">\n\t\t\t\t<div class=\"elementor-widget-container\">\n\t\t\t\t\t\t\t<div class=\"elementor-toggle\">\n\t\t\t\t\t\t\t<div class=\"elementor-toggle-item\">\n\t\t\t\t\t<h5 id=\"elementor-tab-title-2651\" class=\"elementor-tab-title\" data-tab=\"1\" role=\"button\" aria-controls=\"elementor-tab-content-2651\" aria-expanded=\"false\">\n\t\t\t\t\t\t\t\t\t\t\t\t<a class=\"elementor-toggle-title\" tabindex=\"0\">\u00bfCu\u00e1l es la diferencia entre caf\u00e9 de especialidad y comercial?<\/a>\n\t\t\t\t\t<\/h5>\n\n\t\t\t\t\t<div id=\"elementor-tab-content-2651\" class=\"elementor-tab-content elementor-clearfix\" data-tab=\"1\" role=\"region\" aria-labelledby=\"elementor-tab-title-2651\"><p>La diferencia entre el caf\u00e9 de especialidad y el comercial radica principalmente en su calidad, proceso de producci\u00f3n y experiencia de consumo:<\/p><p><strong>1. Calidad del Grano<\/strong>:<br \/>Caf\u00e9 de Especialidad: Utiliza granos 100% ar\u00e1bica, cuidadosamente seleccionados y evaluados por expertos. Debe obtener una puntuaci\u00f3n de al menos 80\/100 en una escala de calidad definida por la Specialty Coffee Association (SCA).<br \/>Caf\u00e9 Comercial: Mezcla ar\u00e1bica y robusta, con menor enfoque en la calidad. Puede contener granos defectuosos o de baja puntuaci\u00f3n.<br \/><strong>2. Origen y Trazabilidad:<\/strong><br \/>Caf\u00e9 de Especialidad: Cada lote es rastreable hasta su finca de origen, con detalles sobre variedad, altura, clima y procesos de cultivo.<br \/>Caf\u00e9 Comercial: Generalmente no se especifica el origen exacto, y se mezcla de m\u00faltiples regiones.<br \/><strong>3. Tostado:<\/strong><br \/>Caf\u00e9 de Especialidad: Tostado en peque\u00f1os lotes para resaltar los sabores \u00fanicos de cada grano, como notas frutales, florales o especiadas.<br \/>Caf\u00e9 Comercial: Tostado masivo y oscuro, priorizando la uniformidad sobre los matices de sabor.<br \/><strong>4. Producci\u00f3n y \u00c9tica:<\/strong><br \/>Caf\u00e9 de Especialidad: Se cultiva con pr\u00e1cticas sostenibles, \u00e9ticas y respetuosas con el medio ambiente y los trabajadores.<br \/>Caf\u00e9 Comercial: Puede enfocarse en maximizar la producci\u00f3n, con menos \u00e9nfasis en la sostenibilidad.<br \/><strong>5. Precio:<\/strong><br \/>Caf\u00e9 de Especialidad: M\u00e1s costoso debido a su calidad superior y pr\u00e1cticas \u00e9ticas.<br \/>Caf\u00e9 Comercial: M\u00e1s accesible, pero con menor enfoque en sabor y sostenibilidad.<br \/><strong>6. Experiencia de Consumo:<\/strong><br \/>Caf\u00e9 de Especialidad: Dise\u00f1ado para ser disfrutado como una experiencia sensorial \u00fanica, con un perfil de sabor diferenciado.<br \/>Caf\u00e9 Comercial: Enfocado en ser una bebida funcional, sin destacar sabores espec\u00edficos.<br \/>El caf\u00e9 de especialidad es ideal para quienes buscan calidad y autenticidad, mientras que el comercial se dirige a quienes priorizan conveniencia y precio.<\/p><\/div>\n\t\t\t\t<\/div>\n\t\t\t\t\t\t\t<div class=\"elementor-toggle-item\">\n\t\t\t\t\t<h5 id=\"elementor-tab-title-2652\" class=\"elementor-tab-title\" data-tab=\"2\" role=\"button\" aria-controls=\"elementor-tab-content-2652\" aria-expanded=\"false\">\n\t\t\t\t\t\t\t\t\t\t\t\t<a class=\"elementor-toggle-title\" tabindex=\"0\">\u00bfQu\u00e9 m\u00e9todos de preparaci\u00f3n resaltan mejor los sabores del caf\u00e9?<\/a>\n\t\t\t\t\t<\/h5>\n\n\t\t\t\t\t<div id=\"elementor-tab-content-2652\" class=\"elementor-tab-content elementor-clearfix\" data-tab=\"2\" role=\"region\" aria-labelledby=\"elementor-tab-title-2652\"><p>Los m\u00e9todos de preparaci\u00f3n que mejor resaltan los sabores del caf\u00e9 de especialidad dependen de su perfil de sabor, pero en general, los siguientes destacan por su capacidad para extraer matices \u00fanicos:<\/p><p><strong>1. V60 o Dripper:<\/strong><br \/>Caracter\u00edsticas: M\u00e9todo de vertido manual que permite un control preciso de la extracci\u00f3n.<br \/>Sabor Resultante: Limpio, brillante y con notas claras.<br \/>Ideal Para: Caf\u00e9s con perfiles frutales o florales.<br \/><strong>2. Prensa Francesa:<\/strong><br \/>Caracter\u00edsticas: Infusi\u00f3n completa que retiene los aceites naturales del caf\u00e9.<br \/>Sabor Resultante: Cuerpo robusto y sabores intensos.<br \/>Ideal Para: Caf\u00e9s con notas achocolatadas o especiadas.<br \/><strong>3. Aeropress:<\/strong><br \/>Caracter\u00edsticas: Vers\u00e1til y ajustable, combina presi\u00f3n y rapidez.<br \/>Sabor Resultante: Equilibrado, con cuerpo medio y acidez controlada.<br \/>Ideal Para: Caf\u00e9s con notas dulces o afrutadas.<br \/><strong>4. Chemex:<\/strong><br \/>Caracter\u00edsticas: Filtraci\u00f3n lenta con filtros gruesos que eliminan aceites.<br \/>Sabor Resultante: Limpio, ligero y delicado.<br \/>Ideal Para: Caf\u00e9s con perfiles c\u00edtricos o florales.<br \/><strong>5. Espresso:<\/strong><br \/>Caracter\u00edsticas: Extracci\u00f3n r\u00e1pida bajo presi\u00f3n.<br \/>Sabor Resultante: Intenso, concentrado y con crema.<br \/>Ideal Para: Caf\u00e9s con notas caramelizadas o nueces.<br \/><strong>6. Cold Brew:<\/strong><br \/>Caracter\u00edsticas: Infusi\u00f3n en fr\u00edo por 12-24 horas.<br \/>Sabor Resultante: Dulzura natural y baja acidez.<br \/>Ideal Para: Caf\u00e9s con notas afrutadas o de chocolate.<br \/><strong>7. Sif\u00f3n (Caf\u00e9 al Vac\u00edo):<\/strong><br \/>Caracter\u00edsticas: M\u00e9todo visualmente impactante que utiliza presi\u00f3n de vapor.<br \/>Sabor Resultante: Complejo y con textura ligera.<br \/>Ideal Para: Caf\u00e9s de origen \u00fanico con matices ex\u00f3ticos.<br \/><strong>Consejo General:<\/strong><br \/>Selecciona el m\u00e9todo seg\u00fan el tipo de caf\u00e9 y las notas que desees resaltar. Por ejemplo, un caf\u00e9 frutal de Etiop\u00eda brilla en un V60, mientras que un caf\u00e9 con cuerpo de Brasil destaca en una prensa francesa.<br \/><em><strong>\u00a1Explorar distintos m\u00e9todos es parte de la experiencia!<\/strong><\/em><\/p><\/div>\n\t\t\t\t<\/div>\n\t\t\t\t\t\t\t<div class=\"elementor-toggle-item\">\n\t\t\t\t\t<h5 id=\"elementor-tab-title-2653\" class=\"elementor-tab-title\" data-tab=\"3\" role=\"button\" aria-controls=\"elementor-tab-content-2653\" aria-expanded=\"false\">\n\t\t\t\t\t\t\t\t\t\t\t\t<a class=\"elementor-toggle-title\" tabindex=\"0\">\u00bfC\u00f3mo almacenar los granos de caf\u00e9 para mantener su frescura?<\/a>\n\t\t\t\t\t<\/h5>\n\n\t\t\t\t\t<div id=\"elementor-tab-content-2653\" class=\"elementor-tab-content elementor-clearfix\" data-tab=\"3\" role=\"region\" aria-labelledby=\"elementor-tab-title-2653\"><p>Para mantener los granos de caf\u00e9 frescos y conservar su sabor y aroma, sigue estas pr\u00e1cticas:<\/p><p><strong>1. Usa un Envase Herm\u00e9tico:<\/strong><br \/>Guarda los granos en un recipiente herm\u00e9tico para protegerlos del aire, ya que el ox\u00edgeno acelera la oxidaci\u00f3n y reduce la frescura.<br \/><strong>2. Evita la Luz Directa:<\/strong><br \/>Almacena los granos en un lugar oscuro o en un envase opaco para evitar la exposici\u00f3n a la luz, que puede deteriorar su calidad.<br \/><strong>3. Mant\u00e9n un Lugar Fresco y Seco:<\/strong><br \/>El caf\u00e9 debe almacenarse lejos de fuentes de calor, humedad y cambios bruscos de temperatura.<br \/><strong>4. No Refrigeres ni Congeles:<\/strong><br \/>Aunque puede parecer una buena idea, la condensaci\u00f3n generada al sacar los granos del refrigerador o congelador puede afectar su calidad. Esto tambi\u00e9n expone los granos a olores del refrigerador.<br \/><strong>5. Compra Cantidades Moderadas:<\/strong><br \/>Adquiere caf\u00e9 en cantidades que puedas consumir en 2-3 semanas para garantizar que lo disfrutes fresco.<br \/><strong>6. Evita Molerlo por Adelantado:<\/strong><br \/>Muele los granos justo antes de preparar el caf\u00e9, ya que el caf\u00e9 molido pierde su frescura mucho m\u00e1s r\u00e1pido que los granos enteros.<br \/><strong>7. Fecha de Tueste:<\/strong><br \/>Prioriza consumir los granos dentro de las 2 a 4 semanas posteriores a su tueste para disfrutar de su frescura \u00f3ptima.<\/p><\/div>\n\t\t\t\t<\/div>\n\t\t\t\t\t\t\t\t<\/div>\n\t\t\t\t\t\t<\/div>\n\t\t\t\t<\/div>\n\t\t\t\t<\/div>\n\t\t\t\t<\/div>\n\t\t<div class=\"elementor-element elementor-element-bf0e7f5 e-flex e-con-boxed e-con e-parent\" data-id=\"bf0e7f5\" data-element_type=\"container\" data-e-type=\"container\">\n\t\t\t\t\t<div class=\"e-con-inner\">\n\t\t\t\t<div class=\"elementor-element elementor-element-4dbd5e1 elementor-widget elementor-widget-text-editor\" data-id=\"4dbd5e1\" data-element_type=\"widget\" data-e-type=\"widget\" data-widget_type=\"text-editor.default\">\n\t\t\t\t<div class=\"elementor-widget-container\">\n\t\t\t\t\t\t\t\t\t<h3><b>Tu tienda de caf\u00e9 de especialidad en Valencia, ahora m\u00e1s cerca<\/b><\/h3><p><span style=\"font-weight: 400;\">Ya sea que busques un caf\u00e9 para empezar el d\u00eda con energ\u00eda, para disfrutar de una pausa gourmet o para sorprender con un regalo especial, en Cafeto &amp; Camellia te lo ponemos f\u00e1cil. Como <\/span><b>tienda de caf\u00e9 de especialidad en Valencia<\/b><span style=\"font-weight: 400;\">, no solo ofrecemos productos: compartimos cultura y tradici\u00f3n. Ven a conocernos, prueba nuestros granjes seleccionados y ll\u00e9vate una experiencia de aroma y sabor a casa.<\/span><\/p><p>\ud83d\udc49 <a href=\"https:\/\/cafetoycamellia.es\/en\/tes-premium\/\" target=\"_blank\" rel=\"noopener\"><strong>Descubre tambi\u00e9n nuestra Selecci\u00f3n de T\u00e9s Premium<\/strong><\/a><\/p><p>\ud83d\udcf2 <strong>S\u00edguenos en <a href=\"https:\/\/instagram.com\/cafetoycamellia\" target=\"_blank\" rel=\"noopener\">Instagram<\/a> para m\u00e1s rituales y consejos de preparaci\u00f3n<\/strong><\/p>\t\t\t\t\t\t\t\t<\/div>\n\t\t\t\t<\/div>\n\t\t\t\t\t<\/div>\n\t\t\t\t<\/div>\n\t\t\t\t<\/div>","protected":false},"excerpt":{"rendered":"<p>Caf\u00e9 de Especialidad 100% Ar\u00e1bica Cada taza cuenta una historia, desde su origen hasta el proceso artesanal de tueste Nuestra [&hellip;]<\/p>\n","protected":false},"author":11,"featured_media":0,"parent":0,"menu_order":0,"comment_status":"closed","ping_status":"closed","template":"","meta":{"site-sidebar-layout":"no-sidebar","site-content-layout":"","ast-site-content-layout":"full-width-container","site-content-style":"default","site-sidebar-style":"default","ast-global-header-display":"","ast-banner-title-visibility":"","ast-main-header-display":"","ast-hfb-above-header-display":"","ast-hfb-below-header-display":"","ast-hfb-mobile-header-display":"","site-post-title":"disabled","ast-breadcrumbs-content":"","ast-featured-img":"disabled","footer-sml-layout":"","ast-disable-related-posts":"","theme-transparent-header-meta":"","adv-header-id-meta":"","stick-header-meta":"","header-above-stick-meta":"","header-main-stick-meta":"","header-below-stick-meta":"","astra-migrate-meta-layouts":"default","ast-page-background-enabled":"default","ast-page-background-meta":{"desktop":{"background-color":"var(--ast-global-color-4)","background-image":"","background-repeat":"repeat","background-position":"center center","background-size":"auto","background-attachment":"scroll","background-type":"","background-media":"","overlay-type":"","overlay-color":"","overlay-opacity":"","overlay-gradient":""},"tablet":{"background-color":"","background-image":"","background-repeat":"repeat","background-position":"center center","background-size":"auto","background-attachment":"scroll","background-type":"","background-media":"","overlay-type":"","overlay-color":"","overlay-opacity":"","overlay-gradient":""},"mobile":{"background-color":"","background-image":"","background-repeat":"repeat","background-position":"center center","background-size":"auto","background-attachment":"scroll","background-type":"","background-media":"","overlay-type":"","overlay-color":"","overlay-opacity":"","overlay-gradient":""}},"ast-content-background-meta":{"desktop":{"background-color":"var(--ast-global-color-5)","background-image":"","background-repeat":"repeat","background-position":"center center","background-size":"auto","background-attachment":"scroll","background-type":"","background-media":"","overlay-type":"","overlay-color":"","overlay-opacity":"","overlay-gradient":""},"tablet":{"background-color":"var(--ast-global-color-5)","background-image":"","background-repeat":"repeat","background-position":"center center","background-size":"auto","background-attachment":"scroll","background-type":"","background-media":"","overlay-type":"","overlay-color":"","overlay-opacity":"","overlay-gradient":""},"mobile":{"background-color":"var(--ast-global-color-5)","background-image":"","background-repeat":"repeat","background-position":"center center","background-size":"auto","background-attachment":"scroll","background-type":"","background-media":"","overlay-type":"","overlay-color":"","overlay-opacity":"","overlay-gradient":""}},"footnotes":""},"class_list":["post-5380","page","type-page","status-publish","hentry"],"_links":{"self":[{"href":"https:\/\/cafetoycamellia.es\/en\/wp-json\/wp\/v2\/pages\/5380","targetHints":{"allow":["GET"]}}],"collection":[{"href":"https:\/\/cafetoycamellia.es\/en\/wp-json\/wp\/v2\/pages"}],"about":[{"href":"https:\/\/cafetoycamellia.es\/en\/wp-json\/wp\/v2\/types\/page"}],"author":[{"embeddable":true,"href":"https:\/\/cafetoycamellia.es\/en\/wp-json\/wp\/v2\/users\/11"}],"replies":[{"embeddable":true,"href":"https:\/\/cafetoycamellia.es\/en\/wp-json\/wp\/v2\/comments?post=5380"}],"version-history":[{"count":46,"href":"https:\/\/cafetoycamellia.es\/en\/wp-json\/wp\/v2\/pages\/5380\/revisions"}],"predecessor-version":[{"id":6837,"href":"https:\/\/cafetoycamellia.es\/en\/wp-json\/wp\/v2\/pages\/5380\/revisions\/6837"}],"wp:attachment":[{"href":"https:\/\/cafetoycamellia.es\/en\/wp-json\/wp\/v2\/media?parent=5380"}],"curies":[{"name":"wp","href":"https:\/\/api.w.org\/{rel}","templated":true}]}}